{"id":1240,"date":"2025-04-29T16:31:09","date_gmt":"2025-04-29T19:31:09","guid":{"rendered":"https:\/\/projetos.uel.br\/praxis\/?page_id=1240"},"modified":"2025-04-30T16:11:06","modified_gmt":"2025-04-30T19:11:06","slug":"producoes-artisticas-e-culturais","status":"publish","type":"page","link":"https:\/\/projetos.uel.br\/praxis\/producoes-artisticas-e-culturais\/","title":{"rendered":"Produ\u00e7\u00f5es art\u00edsticas e culturais"},"content":{"rendered":"\n<p><\/p>\n\n\n\n<p><strong>As Terras do Paran\u00e1<\/strong><\/p>\n\n\n\n<p> Local Evento: UEL &#8211; Capela Ecum\u00eanica (CLCH) &#8211; transmiss\u00e3o pelo canal do Youtube Pr\u00e1xis Itinerante. Cidade do evento: Londrina. Pa\u00eds: Brasil. Institui\u00e7\u00e3o promotora: Universidade Estadual de Londrina &#8211; Pr\u00e1xis Itinerante. Dura\u00e7\u00e3o: 40. Tipo de evento: Outro.&nbsp;<\/p>\n\n\n\n<p>Data da estreia: 28\/08\/2023. Local da estreia: Universidade Estadual de Londrina &#8211; R\u00e9plica da Primeira Catedral de Londrina.<\/p>\n\n\n\n<p><em>Palavras-chave: Ditadura Militar (1964-1985), Arquivos in\u00e9ditos , Exposi\u00e7\u00e3o Terras do Paran\u00e1<\/em><\/p>\n\n\n\n<p><em>\u00c1reas do conhecimento: Sociologia<\/em><\/p>\n\n\n\n<p><em>Refer\u00eancias adicionais: Brasil\/Portugu\u00eas. Meio de divulga\u00e7\u00e3o: Filme<\/em><\/p>\n\n\n\n<p><em>Atividade realizada pelo Projeto de Pesquisa &#8220;Os documentos in\u00e9ditos dos arquivos do SNI (Paran\u00e1-BR), do Projeto Opening The Archives e da CIA (EUA)&#8221; em parceria com o Projeto de Extens\u00e3o &#8220;Pr\u00e1xis Itinerante&#8221; com apoio do CNPq e da Funda\u00e7\u00e3o Arauc\u00e1ria (FA).<\/em><\/p>\n\n\n\n<figure class=\"wp-block-embed is-type-video is-provider-youtube wp-block-embed-youtube wp-embed-aspect-16-9 wp-has-aspect-ratio\"><div class=\"wp-block-embed__wrapper\">\n<iframe loading=\"lazy\" title=\"As Terras do Paran\u00e1 - Document\u00e1rio\" width=\"500\" height=\"281\" src=\"https:\/\/www.youtube.com\/embed\/t_jhS2QQNIw?feature=oembed\" frameborder=\"0\" allow=\"accelerometer; autoplay; clipboard-write; encrypted-media; gyroscope; picture-in-picture; web-share\" referrerpolicy=\"strict-origin-when-cross-origin\" allowfullscreen><\/iframe>\n<\/div><\/figure>\n\n\n\n<p><\/p>\n\n\n\n<p><strong>Juventudes e Participa\u00e7\u00e3o<\/strong> <\/p>\n\n\n\n<p>Local Evento: YouTube. Cidade do evento: Londrina. Pa\u00eds: Brasil. Institui\u00e7\u00e3o promotora: Universidade Estadual de Londrina &#8211; Pr\u00e1xis Itinerante. Dura\u00e7\u00e3o: 20. Tipo de evento: Teledrama.&nbsp;<\/p>\n\n\n\n<p>Atividade dos autores: Outra. Data da estreia: 26\/09\/2022. Local da estreia: YouTube. Temporada: 1. Home-page: https:\/\/www.youtube.com\/watch?v=bb3tp1FsIxw.&nbsp;<\/p>\n\n\n\n<p><em>Palavras-chave: Juventudes, Participa\u00e7\u00e3o, Ditadura Militar, Mem\u00f3ria<\/em><\/p>\n\n\n\n<p><em>\u00c1reas do conhecimento: Sociologia,Educa\u00e7\u00e3o<\/em><\/p>\n\n\n\n<p><em>Refer\u00eancias adicionais: Brasil\/Portugu\u00eas. Meio de divulga\u00e7\u00e3o: Filme. <\/em><\/p>\n\n\n\n<p><em>Coordenador do document\u00e1rio produzido por membros do Projeto de Extens\u00e3o PR\u00c1XIS ITINERANTE em parceria com a Universidade Estadual de Londrina, com o LERR &#8211; Laborat\u00f3rio de Estudos sobre as Religi\u00f5es e Religiosidades; o com o Programa de P\u00f3s-Gradua\u00e7\u00e3o em Sociologia\/UEL.<\/em><\/p>\n\n\n\n<figure class=\"wp-block-embed is-type-video is-provider-youtube wp-block-embed-youtube wp-embed-aspect-16-9 wp-has-aspect-ratio\"><div class=\"wp-block-embed__wrapper\">\n<iframe loading=\"lazy\" title=\"Juventudes e Participa\u00e7\u00e3o\" width=\"500\" height=\"281\" src=\"https:\/\/www.youtube.com\/embed\/bb3tp1FsIxw?feature=oembed\" frameborder=\"0\" allow=\"accelerometer; autoplay; clipboard-write; encrypted-media; gyroscope; picture-in-picture; web-share\" referrerpolicy=\"strict-origin-when-cross-origin\" allowfullscreen><\/iframe>\n<\/div><\/figure>\n\n\n\n<p><\/p>\n\n\n\n<p><strong>Apresenta\u00e7\u00e3o Cultural: Nathu-ras &amp; Rafael Felipe<\/strong><\/p>\n\n\n\n<p>Local Evento: Centro de Letras e Ci\u00eancias Humanas CLCH\/UEL. Cidade do evento: Londrina. Pa\u00eds: Brasil. Institui\u00e7\u00e3o promotora: Universidade Estadual de Londrina &#8211; Pr\u00e1xis Itinerante. Dura\u00e7\u00e3o: 60. Tipo de evento: Apresenta\u00e7\u00e3o Cultural.\u00a0<\/p>\n\n\n\n<p>Atividade dos autores: Coordena\u00e7\u00e3o. Data da estreia: 23\/03\/2023. Local da estreia: Centro de Letras e Ci\u00eancias Humanas CLCH\/UEL. Temporada: 1.&nbsp;<\/p>\n\n\n\n<p><em>Palavras-chave: Acesso democr\u00e1tico \u00e0 Cannabis, cultura afro-brasileira, Democracia<\/em><\/p>\n\n\n\n<p><em>\u00c1reas do conhecimento: Ci\u00eancias Sociais<\/em><\/p>\n\n\n\n<p><em>Refer\u00eancias adicionais: Brasil\/Portugu\u00eas. Meio de divulga\u00e7\u00e3o: Outro<\/em><\/p>\n\n\n\n<p><em>Apresenta\u00e7\u00e3o art\u00edstica cultural organizada pelo Projeto Pr\u00e1xis Itinerante em Parceria com o Departamento de Ci\u00eancias Sociais UEL na Quinta Can\u00e1bica<\/em><\/p>\n\n\n\n<p><strong>Lan\u00e7amento oficial do livro &#8216;Vigil\u00e2ncias e silenciamentos durante a ditadura militar brasileira&#8217;<\/strong><\/p>\n\n\n\n<p>Local Evento: Livraria Olga. Cidade do evento: Londrina. Pa\u00eds: Brasil. Institui\u00e7\u00e3o promotora: Universidade Estadual de Londrina &#8211; Departamento de Ci\u00eancias Sociais &#8211; Pr\u00e1xis Itinerante. Dura\u00e7\u00e3o: 50. Tipo de evento: Live de Lan\u00e7amento de Livro.\u00a0<\/p>\n\n\n\n<p>Atividade dos autores: Dire\u00e7\u00e3o Geral. Data da estreia: 20\/05\/2023. Local da estreia: YouTube &#8211; Canal Pr\u00e1xis Itinerante UEL. <\/p>\n\n\n\n<p><em>Palavras-chave: Lan\u00e7amento , Ditadura militar brasileira, Democracia, Ci\u00eancias Sociais<\/em><\/p>\n\n\n\n<p><em>\u00c1reas do conhecimento: Sociologia<\/em><\/p>\n\n\n\n<p><em>Refer\u00eancias adicionais: Brasil\/Portugu\u00eas. Meio de divulga\u00e7\u00e3o: Meio digital. <\/em><\/p>\n\n\n\n<p><em>Lan\u00e7amento oficial do livro &#8220;Vigil\u00e2ncias e silenciamentos durante a ditadura militar brasileira&#8221; realizado em 20\/05\/2023, na Livraria Olga com transmiss\u00e3o ao vivo pelo YouTube, Canal Pr\u00e1xis Itinerante UEL.&nbsp; ~ Ficha T\u00e9cnica da Transmiss\u00e3o ~Dire\u00e7\u00e3o Geral: Fabio LanzaProdu\u00e7\u00e3o e Gest\u00e3o T\u00e9cnica: Ursula Boreal Lopes Brevilheri<\/em><\/p>\n\n\n\n<p><\/p>\n\n\n\n<p><strong>Apresenta\u00e7\u00e3o Cultural: Samba da Democracia<\/strong><\/p>\n\n\n\n<p>Local Evento: Centro de Letras e Ci\u00eancias Humanas CLCH\/UEL. Cidade do evento: Londrina. Pa\u00eds: Brasil. Institui\u00e7\u00e3o promotora: Universidade Estadual de Londrina &#8211; Pr\u00e1xis Itinerante. Dura\u00e7\u00e3o: 60. Tipo de evento: Apresenta\u00e7\u00e3o Cultural.\u00a0<\/p>\n\n\n\n<p>Atividade dos autores: Coordena\u00e7\u00e3o. Data da estreia: 26\/08\/2022. Local da estreia: Centro de Letras e Ci\u00eancias Humanas CLCH\/UEL. Temporada: 1.&nbsp;<\/p>\n\n\n\n<p><em>Palavras-chave: Ci\u00eancias Sociais, cultura afro-brasileira, Democracia<\/em><\/p>\n\n\n\n<p><em>\u00c1reas do conhecimento: Ci\u00eancias Sociais<\/em><\/p>\n\n\n\n<p><em>Refer\u00eancias adicionais: Brasil\/Portugu\u00eas. Meio de divulga\u00e7\u00e3o: Outro<\/em><\/p>\n\n\n\n<p><em>Apresenta\u00e7\u00e3o art\u00edstica cultural organizada pelo Projeto Pr\u00e1xis Itinerante em Parceria com o Departamento de Ci\u00eancias Sociais UEL na Confer\u00eancia Internacional &#8220;Democracia e A\u00e7\u00f5es Golpistas no Brasil&#8221;<\/em><\/p>\n\n\n\n<p><strong>Exposi\u00e7\u00e3o &#8211; Juventudes e Participa\u00e7\u00e3o: os documentos in\u00e9ditos dos arquivos do SNI (PR) e desclassificados dos EUA\/CIA<\/strong><\/p>\n\n\n\n<p>Local Evento: UEL. Cidade do evento: Londrina. Pa\u00eds: Brasil. Institui\u00e7\u00e3o promotora: Universidade Estadual de Londrina &#8211; Pr\u00e1xis Itinerante. Dura\u00e7\u00e3o: 300. Tipo de evento: Exposi\u00e7\u00e3o.\u00a0<\/p>\n\n\n\n<p>Atividade dos autores: Coordena\u00e7\u00e3o. Data da estreia: 11\/08\/2022. Local da estreia: Universidade Estadual de Londrina &#8211; R\u00e9plica da Primeira Catedral de Londrina.<\/p>\n\n\n\n<p><em>Palavras-chave: Juventudes, Repress\u00e3o , Ditadura Militar, Educa\u00e7\u00e3o, Mem\u00f3ria Social&nbsp;<\/em><\/p>\n\n\n\n<p><em>\u00c1reas do conhecimento: Sociologia,Educa\u00e7\u00e3o<\/em><\/p>\n\n\n\n<p><em>Refer\u00eancias adicionais: Brasil\/Portugu\u00eas. Meio de divulga\u00e7\u00e3o: V\u00e1rios. <\/em><\/p>\n\n\n\n<p><em>Evento realizado pelo Projeto de Extens\u00e3o PR\u00c1XIS ITINERANTE em parceria com a Universidade Estadual de Londrina, com o LERR &#8211; Laborat\u00f3rio de Estudos sobre as Religi\u00f5es e Religiosidades; o com o Programa de P\u00f3s-Gradua\u00e7\u00e3o em Sociologia\/UEL.<\/em><\/p>\n\n\n\n<figure class=\"wp-block-embed is-type-video is-provider-youtube wp-block-embed-youtube wp-embed-aspect-16-9 wp-has-aspect-ratio\"><div class=\"wp-block-embed__wrapper\">\n<iframe loading=\"lazy\" title=\"Lan\u00e7amento da Exposi\u00e7\u00e3o &quot;JUVENTUDES E PARTICIPA\u00c7\u00c3O&quot; - Apoio: CNPq\/Funda\u00e7\u00e3o Arauc\u00e1ria\" width=\"500\" height=\"281\" src=\"https:\/\/www.youtube.com\/embed\/giQRJ8hoc7Y?feature=oembed\" frameborder=\"0\" allow=\"accelerometer; autoplay; clipboard-write; encrypted-media; gyroscope; picture-in-picture; web-share\" referrerpolicy=\"strict-origin-when-cross-origin\" allowfullscreen><\/iframe>\n<\/div><\/figure>\n\n\n\n<p><\/p>\n\n\n\n<p><strong>Feira Virtual do Corredor do CLCH<\/strong><\/p>\n\n\n\n<p>Local Evento: Ambiente Virtual. Cidade do evento: Londrina. Pa\u00eds: Brasil. Institui\u00e7\u00e3o promotora: Universidade Estadual de Londrina &#8211; Pr\u00e1xis Itinerante. Dura\u00e7\u00e3o: 300. Tipo de evento: Feira.\u00a0<\/p>\n\n\n\n<p>Atividade dos autores: Organiza\u00e7\u00e3o. Data da estreia: 12\/11\/2021. Local da estreia: Ambiente Virtual. Temporada: 1.&nbsp;<\/p>\n\n\n\n<p><em>Palavras-chave: Economia Solid\u00e1ria, Cultura, Sextou Sociol\u00f3gico&nbsp;<\/em><\/p>\n\n\n\n<p><em>\u00c1reas do conhecimento: Sociologia<\/em><\/p>\n\n\n\n<p><em>Refer\u00eancias adicionais: Brasil\/Portugu\u00eas. Meio de divulga\u00e7\u00e3o: Outro<\/em><\/p>\n\n\n\n<p><em>Evento realizado pelo Projeto de Extens\u00e3o PR\u00c1XIS ITINERANTE em parceria com a Universidade Estadual de Londrina, com o LERR &#8211; Laborat\u00f3rio de Estudos sobre as Religi\u00f5es e Religiosidades; o com o Programa de P\u00f3s-Gradua\u00e7\u00e3o em Sociologia\/UEL.<\/em><\/p>\n\n\n\n<p><strong>IV Sarauzinho do CLCH &#8211; Arte, Som e Poesia!<\/strong><\/p>\n\n\n\n<p>Local Evento: Centro de Letras e Ci\u00eancias Humanas &#8211; UEL. Cidade do evento: Londrina. Pa\u00eds: Brasil. Institui\u00e7\u00e3o promotora: Projeto de Extens\u00e3o Pr\u00e1xis Itinerante &#8211; UEL. Dura\u00e7\u00e3o: 300. Tipo de evento: Sarau.\u00a0<\/p>\n\n\n\n<p>Atividade dos autores: Organiza\u00e7\u00e3o. Data da estreia: 05\/03\/2020. Local da estreia: Centro de Letras e Ci\u00eancias Humanas &#8211; UEL.&nbsp;<\/p>\n\n\n\n<p><em>Refer\u00eancias adicionais: Brasil\/Portugu\u00eas. Meio de divulga\u00e7\u00e3o: Outro<\/em><\/p>\n\n\n\n<p><strong>III Sarauzinho do CLCH &#8211; Arte, Som e Poesia!<\/strong><\/p>\n\n\n\n<p>Local Evento: Centro de Letras e Ci\u00eancias Humanas &#8211; UEL. Cidade do evento: Londrina. Pa\u00eds: Brasil. Institui\u00e7\u00e3o promotora: Projeto de Extens\u00e3o Pr\u00e1xis Itinerante &#8211; UEL. Dura\u00e7\u00e3o: 420. Tipo de evento: Sarau.\u00a0<\/p>\n\n\n\n<p>Atividade dos autores: Organiza\u00e7\u00e3o. Data da estreia: 13\/03\/2019. Local da estreia: Centro de Letras e Ci\u00eancias Humanas &#8211; UEL.&nbsp;<\/p>\n\n\n\n<p><em>Refer\u00eancias adicionais: Brasil\/Portugu\u00eas. Meio de divulga\u00e7\u00e3o: Outro<\/em><\/p>\n\n\n\n<p><strong>II Sarauzinho do CLCH<\/strong><\/p>\n\n\n\n<p>Local Evento: Centro de Letras e Ci\u00eancias Humanas &#8211; UEL. Cidade do evento: Londrina. Pa\u00eds: Brasil. Institui\u00e7\u00e3o promotora: Centro de Letras e Ci\u00eancias Humanas (CLCH) &#8211; UEL. Dura\u00e7\u00e3o: 180. Tipo de evento: Sarau.\u00a0<\/p>\n\n\n\n<p>Atividade dos autores: Organiza\u00e7\u00e3o. Data da estreia: 20\/04\/2017. Local da estreia: Centro de Letras e Ci\u00eancias Humanas &#8211; UEL.&nbsp;<\/p>\n\n\n\n<p><em>Refer\u00eancias adicionais: Brasil\/Portugu\u00eas. Meio de divulga\u00e7\u00e3o: Outro<\/em><\/p>\n\n\n\n<p><\/p>\n","protected":false},"excerpt":{"rendered":"<p>As Terras do Paran\u00e1 Local Evento: UEL &#8211; Capela Ecum\u00eanica (CLCH) &#8211; transmiss\u00e3o pelo canal do Youtube Pr\u00e1xis Itinerante. Cidade do evento: Londrina. Pa\u00eds: Brasil. Institui\u00e7\u00e3o promotora: Universidade Estadual de Londrina &#8211; Pr\u00e1xis Itinerante. Dura\u00e7\u00e3o: 40. Tipo de evento: Outro.&nbsp; Data da estreia: 28\/08\/2023. Local da estreia: Universidade Estadual de Londrina &#8211; R\u00e9plica da Primeira [&hellip;]<\/p>\n","protected":false},"author":12,"featured_media":0,"parent":0,"menu_order":0,"comment_status":"closed","ping_status":"closed","template":"","meta":{"_acf_changed":false,"footnotes":""},"class_list":["post-1240","page","type-page","status-publish","hentry"],"acf":[],"_links":{"self":[{"href":"https:\/\/projetos.uel.br\/praxis\/wp-json\/wp\/v2\/pages\/1240","targetHints":{"allow":["GET"]}}],"collection":[{"href":"https:\/\/projetos.uel.br\/praxis\/wp-json\/wp\/v2\/pages"}],"about":[{"href":"https:\/\/projetos.uel.br\/praxis\/wp-json\/wp\/v2\/types\/page"}],"author":[{"embeddable":true,"href":"https:\/\/projetos.uel.br\/praxis\/wp-json\/wp\/v2\/users\/12"}],"replies":[{"embeddable":true,"href":"https:\/\/projetos.uel.br\/praxis\/wp-json\/wp\/v2\/comments?post=1240"}],"version-history":[{"count":4,"href":"https:\/\/projetos.uel.br\/praxis\/wp-json\/wp\/v2\/pages\/1240\/revisions"}],"predecessor-version":[{"id":1263,"href":"https:\/\/projetos.uel.br\/praxis\/wp-json\/wp\/v2\/pages\/1240\/revisions\/1263"}],"wp:attachment":[{"href":"https:\/\/projetos.uel.br\/praxis\/wp-json\/wp\/v2\/media?parent=1240"}],"curies":[{"name":"wp","href":"https:\/\/api.w.org\/{rel}","templated":true}]}}