{"id":1210,"date":"2025-04-28T15:05:42","date_gmt":"2025-04-28T18:05:42","guid":{"rendered":"https:\/\/projetos.uel.br\/praxis\/?page_id=1210"},"modified":"2025-04-30T15:40:45","modified_gmt":"2025-04-30T18:40:45","slug":"reportagens","status":"publish","type":"page","link":"https:\/\/projetos.uel.br\/praxis\/reportagens\/","title":{"rendered":"M\u00eddia e Di\u00e1logos"},"content":{"rendered":"\n<p><\/p>\n\n\n\n<h2 class=\"wp-block-heading\">Entrevistas, mesas redondas, programas e coment\u00e1rios na m\u00eddia<\/h2>\n\n\n\n<p><strong>De 2018 a 2025<\/strong><\/p>\n\n\n\n<p>Portal Verdade: <a href=\"https:\/\/portalverdade.com.br\/cursinho-pre-vestibular-abre-inscricoes-para-simulado-gratuito-da-uel\/\" data-type=\"link\" data-id=\"https:\/\/portalverdade.com.br\/cursinho-pre-vestibular-abre-inscricoes-para-simulado-gratuito-da-uel\/\">Cursinho pr\u00e9-vestibular abre inscri\u00e7\u00f5es para simulado gratuito da UEL<\/a><\/p>\n\n\n\n<p>Portal Verdade: <a href=\"https:\/\/portalverdade.com.br\/vestibular-uel-projeto-praxis-itinerante-oferece-cursinho-popular-na-regiao-sul-de-londrina\/\" data-type=\"link\" data-id=\"https:\/\/portalverdade.com.br\/vestibular-uel-projeto-praxis-itinerante-oferece-cursinho-popular-na-regiao-sul-de-londrina\/\">Vestibular UEL: Projeto Pr\u00e1xis Itinerante oferece Cursinho Popular na regi\u00e3o Sul de Londrina<\/a><\/p>\n\n\n\n<p>Portal Verdade: <a href=\"https:\/\/portalverdade.com.br\/em-parceria-com-cepv-cursinho-praxis-itinerante-promove-atividades-interdisciplinares-em-colegios-da-zona-sul-de-londrina\/\">Em parceria com CEPV, Pr\u00e1xis Itinerante promove atividades interdisciplinares em col\u00e9gios da zona Sul de Londrina<\/a><\/p>\n\n\n\n<p>Portal Verdade:<a href=\"https:\/\/portalverdade.com.br\/projeto-de-extensao-praxis-itinerante-da-uel-busca-professores-voluntarios-para-cursinho-gratuito\/\">Projeto de Extens\u00e3o Pr\u00e1xis Itinerante da UEL busca professores volunt\u00e1rios para cursinho gratuito<\/a><\/p>\n\n\n\n<p>Folha de Londrina: <a href=\"https:\/\/www.folhadelondrina.com.br\/geral\/trajetoria-de-aprovados-no-vestibular-da-uel-e-de-persistencia-e-de-muito-estudo-3245715e.html?d=1\" data-type=\"link\" data-id=\"https:\/\/www.folhadelondrina.com.br\/geral\/trajetoria-de-aprovados-no-vestibular-da-uel-e-de-persistencia-e-de-muito-estudo-3245715e.html?d=1\">Trajet\u00f3ria de aprovados no vestibular da UEL \u00e9 de persist\u00eancia e de muito estudo<\/a><\/p>\n\n\n\n<p>O Perobal:<a href=\"https:\/\/operobal.uel.br\/cepv\/2024\/10\/16\/praxis-itinerante-e-cepv-promovem-atividades-com-alunos-de-colegios-estaduais\/\" data-type=\"link\" data-id=\"https:\/\/operobal.uel.br\/cepv\/2024\/10\/16\/praxis-itinerante-e-cepv-promovem-atividades-com-alunos-de-colegios-estaduais\/\"> Pr\u00e1xis Itinerante e CEPV promovem atividades com alunos de col\u00e9gios estaduais<\/a><\/p>\n\n\n\n<p>O Perobal:<a href=\"https:\/\/operobal.uel.br\/jornal-noticia\/2024\/10\/31\/projeto-de-extensao-promove-atividades-culturais-em-colegio-estadual-de-londrina\/\" data-type=\"link\" data-id=\"https:\/\/operobal.uel.br\/jornal-noticia\/2024\/10\/31\/projeto-de-extensao-promove-atividades-culturais-em-colegio-estadual-de-londrina\/\"> Projeto de Extens\u00e3o promove atividades culturais em Col\u00e9gio Estadual de Londrina<\/a><\/p>\n\n\n\n<p>O Perobal:<a href=\"https:\/\/operobal.uel.br\/sociedade\/2023\/11\/24\/projeto-integrado-de-pesquisa-e-extensao-promove-intensivao-para-o-vestibular-uel-2024\/\" data-type=\"link\" data-id=\"https:\/\/operobal.uel.br\/sociedade\/2023\/11\/24\/projeto-integrado-de-pesquisa-e-extensao-promove-intensivao-para-o-vestibular-uel-2024\/\"> Projeto integrado de pesquisa e extens\u00e3o promove \u201cintensiv\u00e3o\u201d para o Vestibular UEL 2024<\/a><\/p>\n\n\n\n<p>O Perobal: <a href=\"https:\/\/operobal.uel.br\/extensao\/2024\/10\/30\/uel-tera-r-26-milhoes-para-projetos-de-extensao-em-municipios-com-baixo-idh\/\" data-type=\"link\" data-id=\"https:\/\/operobal.uel.br\/extensao\/2024\/10\/30\/uel-tera-r-26-milhoes-para-projetos-de-extensao-em-municipios-com-baixo-idh\/\">UEL ter\u00e1 R$ 2,6 milh\u00f5es para projetos de extens\u00e3o em munic\u00edpios com baixo IDH <\/a><\/p>\n\n\n\n<p>O Perobal: <a href=\"https:\/\/operobal.uel.br\/extensao\/2022\/11\/18\/secundaristas-da-rede-publica-de-rolandia-participam-de-oficinas-do-praxis-itinerante\/\" data-type=\"link\" data-id=\"https:\/\/operobal.uel.br\/extensao\/2022\/11\/18\/secundaristas-da-rede-publica-de-rolandia-participam-de-oficinas-do-praxis-itinerante\/\">Secundaristas da rede p\u00fablica de Rol\u00e2ndia participam de oficinas do Pr\u00e1xis Itinerante<\/a><\/p>\n\n\n\n<p>Portal Verdade: <a href=\"https:\/\/portalverdade.com.br\/uel-evento-internacional-promove-debates-sobre-juventudes-e-diversidades-inscricao-sao-gratuitas-e-seguem-ate-18-de-agosto\/\" data-type=\"link\" data-id=\"https:\/\/portalverdade.com.br\/uel-evento-internacional-promove-debates-sobre-juventudes-e-diversidades-inscricao-sao-gratuitas-e-seguem-ate-18-de-agosto\/\">UEL: Evento internacional promove debates sobre juventudes e diversidades<\/a><\/p>\n\n\n\n<p>Portal Verdade: <a href=\"https:\/\/portalverdade.com.br\/juventudes-e-resistencias-e-tema-de-mesa-na-uel-nesta-terca-feira-20\/\" data-type=\"link\" data-id=\"https:\/\/portalverdade.com.br\/juventudes-e-resistencias-e-tema-de-mesa-na-uel-nesta-terca-feira-20\/\">Juventudes e resist\u00eancias \u00e9 tema de mesa na UEL nesta ter\u00e7a-feira (20)<\/a><\/p>\n\n\n\n<p>Portal Verdade: <a href=\"https:\/\/portalverdade.com.br\/uel-evento-discute-privatizacao-das-escolas-publicas-no-parana\/\" data-type=\"link\" data-id=\"https:\/\/portalverdade.com.br\/uel-evento-discute-privatizacao-das-escolas-publicas-no-parana\/\">UEL: Evento discute privatiza\u00e7\u00e3o das escolas p\u00fablicas no Paran\u00e1<\/a><\/p>\n\n\n\n<p>Rede Lume: <a href=\"https:\/\/redelume.com.br\/2024\/08\/20\/uel-simposio-internacional-e-festival-das-diversidades-trazem-pluralidade-ao-campus\/\" data-type=\"link\" data-id=\"https:\/\/redelume.com.br\/2024\/08\/20\/uel-simposio-internacional-e-festival-das-diversidades-trazem-pluralidade-ao-campus\/\">UEL: Simp\u00f3sio Internacional e Festival das Diversidades trazem pluralidade ao campus<\/a><\/p>\n\n\n\n<p>O Perobal: <a href=\"https:\/\/operobal.uel.br\/extensao\/2024\/08\/19\/simposio-internacional-e-festival-das-diversidades-trazem-pluralidade-ao-campus\/\" data-type=\"link\" data-id=\"https:\/\/operobal.uel.br\/extensao\/2024\/08\/19\/simposio-internacional-e-festival-das-diversidades-trazem-pluralidade-ao-campus\/\">Simp\u00f3sio Internacional e Festival das Diversidades trazem pluralidade ao Campus<\/a><\/p>\n\n\n\n<p>O Perobal: <a href=\"https:\/\/operobal.uel.br\/eventos\/2024\/08\/06\/simposio-internacional-recebe-inscricoes-de-trabalhos-ate-esta-sexta-9\/\" data-type=\"link\" data-id=\"https:\/\/operobal.uel.br\/eventos\/2024\/08\/06\/simposio-internacional-recebe-inscricoes-de-trabalhos-ate-esta-sexta-9\/\">Simp\u00f3sio internacional recebe inscri\u00e7\u00f5es de trabalhos at\u00e9 esta sexta (9)<\/a><\/p>\n\n\n\n<p>Portal Verdade:<a href=\"https:\/\/portalverdade.com.br\/projeto-da-uel-resgata-memoria-do-assentamento-eli-vive\/\" data-type=\"link\" data-id=\"https:\/\/portalverdade.com.br\/projeto-da-uel-resgata-memoria-do-assentamento-eli-vive\/\"> Projeto da UEL resgata mem\u00f3ria do Assentamento Eli Vive<\/a><\/p>\n\n\n\n<p>O Perobal: <a href=\"https:\/\/operobal.uel.br\/extensao\/2024\/08\/22\/alunos-da-uel-criam-materiais-e-espaco-de-memoria-no-assentamento-eli-vive\/\" data-type=\"link\" data-id=\"https:\/\/operobal.uel.br\/extensao\/2024\/08\/22\/alunos-da-uel-criam-materiais-e-espaco-de-memoria-no-assentamento-eli-vive\/\">Alunos da UEL criam materiais e espa\u00e7o de mem\u00f3ria no Assentamento Eli Vive<\/a><\/p>\n\n\n\n<p>Portal Verdade: <a href=\"https:\/\/portalverdade.com.br\/em-londrina-jornada-da-visibilidade-trans-2025-inicia-nesta-quinta-feira-16\/\" data-type=\"link\" data-id=\"https:\/\/portalverdade.com.br\/em-londrina-jornada-da-visibilidade-trans-2025-inicia-nesta-quinta-feira-16\/\">Londrina sedia Jornada da Visibilidade Trans 2025<\/a><\/p>\n\n\n\n<p>Portal Verdade: <a href=\"https:\/\/portalverdade.com.br\/londrina-sedia-marcha-trans-por-uma-vida-digna-nesta-quarta-feira-29\/\" data-type=\"link\" data-id=\"https:\/\/portalverdade.com.br\/londrina-sedia-marcha-trans-por-uma-vida-digna-nesta-quarta-feira-29\/\">Londrina sedia Marcha Trans Por Uma Vida Digna nesta quarta-feira (29)<\/a><\/p>\n\n\n\n<p>Portal Verdade: <a href=\"https:\/\/portalverdade.com.br\/transformar-a-uel-carta-reivindica-cotas-para-pessoas-trans-e-travestis-saiba-como-apoiar\/\" data-type=\"link\" data-id=\"https:\/\/portalverdade.com.br\/transformar-a-uel-carta-reivindica-cotas-para-pessoas-trans-e-travestis-saiba-como-apoiar\/\">(Trans)formar a UEL: Carta reivindica cotas para pessoas trans e travestis; saiba como apoiar<\/a><\/p>\n\n\n\n<p>Rede Lume: <a href=\"https:\/\/redelume.com.br\/2025\/01\/14\/jornada-pela-visibilidade-trans-marca-mes-de-luta-confira-programacao\/\" data-type=\"link\" data-id=\"https:\/\/redelume.com.br\/2025\/01\/14\/jornada-pela-visibilidade-trans-marca-mes-de-luta-confira-programacao\/\">Jornada pela Visibilidade Trans marca m\u00eas de luta; confira programa\u00e7\u00e3o<\/a><\/p>\n\n\n\n<p>O Perobal: <a href=\"https:\/\/operobal.uel.br\/clch\/2025\/01\/31\/uel-integra-atividades-da-jornada-da-visibilidade-trans-2025\/\" data-type=\"link\" data-id=\"https:\/\/operobal.uel.br\/clch\/2025\/01\/31\/uel-integra-atividades-da-jornada-da-visibilidade-trans-2025\/\">UEL integra atividades da Jornada da Visibilidade Trans 2025<\/a><\/p>\n\n\n\n<p>Portal Verdade: <a href=\"https:\/\/portalverdade.com.br\/evento-a-vivencia-migrante-na-uel-abordara-desafios-e-experiencias-de-alunos-na-universidade\/\" data-type=\"link\" data-id=\"https:\/\/portalverdade.com.br\/evento-a-vivencia-migrante-na-uel-abordara-desafios-e-experiencias-de-alunos-na-universidade\/\">Evento discute experi\u00eancias e desafios de estudantes migrantes na UEL<\/a><\/p>\n\n\n\n<p>O Perobal: <a href=\"https:\/\/operobal.uel.br\/internacional\/2024\/03\/07\/1-conferencia-com-migrantes-e-refugiados-de-londrina-recebe-quatro-projetos-da-uel\/\" data-type=\"link\" data-id=\"https:\/\/operobal.uel.br\/internacional\/2024\/03\/07\/1-conferencia-com-migrantes-e-refugiados-de-londrina-recebe-quatro-projetos-da-uel\/\">1\u00b0 Confer\u00eancia com Migrantes e Refugiados de Londrina recebe quatro projetos da UEL<\/a><\/p>\n\n\n\n<p>O Perobal: <a href=\"https:\/\/operobal.uel.br\/extensao\/2024\/08\/05\/cesa-recebe-atividade-sobre-vivencia-de-alunos-estrangeiros-na-uel\/\" data-type=\"link\" data-id=\"https:\/\/operobal.uel.br\/extensao\/2024\/08\/05\/cesa-recebe-atividade-sobre-vivencia-de-alunos-estrangeiros-na-uel\/\">Cesa recebe atividade sobre viv\u00eancia de alunos estrangeiros na UEL&nbsp;<\/a><\/p>\n\n\n\n<p>Portal Verdade: <a href=\"https:\/\/portalverdade.com.br\/choque-de-ordem-em-londrina-movimento-nacional-da-populacao-de-rua-alerta-para-carater-segregador-e-repressivo-da-operacao\/\" data-type=\"link\" data-id=\"https:\/\/portalverdade.com.br\/choque-de-ordem-em-londrina-movimento-nacional-da-populacao-de-rua-alerta-para-carater-segregador-e-repressivo-da-operacao\/\">\u201cChoque de Ordem\u201d em Londrina: Movimento Nacional da Popula\u00e7\u00e3o de Rua alerta para car\u00e1ter segregador e repressivo da opera\u00e7\u00e3o<\/a><\/p>\n\n\n\n<p>Portal Verdade: <a href=\"https:\/\/portalverdade.com.br\/londrina-para-liderancas-projeto-de-lei-que-proibe-doacoes-para-pessoas-em-situacao-de-rua-alem-de-anacronico-aumenta-desigualdades\/\" data-type=\"link\" data-id=\"https:\/\/portalverdade.com.br\/londrina-para-liderancas-projeto-de-lei-que-proibe-doacoes-para-pessoas-em-situacao-de-rua-alem-de-anacronico-aumenta-desigualdades\/\">Para lideran\u00e7as, projeto que pro\u00edbe doa\u00e7\u00f5es para pessoas em situa\u00e7\u00e3o de rua al\u00e9m de \u201canacr\u00f4nico\u201d, aumenta desigualdades&nbsp;<\/a><\/p>\n\n\n\n<p>Rede Lume: <a href=\"https:\/\/redelume.com.br\/2020\/11\/10\/conheca-as-propostas-dos-candidatos-a-prefeito-para-a-populacao-de-rua\/\" data-type=\"link\" data-id=\"https:\/\/redelume.com.br\/2020\/11\/10\/conheca-as-propostas-dos-candidatos-a-prefeito-para-a-populacao-de-rua\/\">Conhe\u00e7a as propostas dos candidatos a prefeito para a popula\u00e7\u00e3o de rua<\/a><\/p>\n\n\n\n<p>O Perobal: <a href=\"https:\/\/operobal.uel.br\/extensao\/2020\/12\/04\/seminario-destaca-o-tema-pessoas-em-situacao-de-rua\/\">Semin\u00e1rio Pr\u00e1xis Itinerante POP RUA 2020 destaca o tema pessoas em situa\u00e7\u00e3o de rua<\/a><\/p>\n\n\n\n<p>Ag\u00eancia UEL de Not\u00edcias: <a href=\"https:\/\/www.uel.br\/com\/agenciaueldenoticias\/index.php?arq=ARQ_not&amp;id=28373\" data-type=\"link\" data-id=\"https:\/\/www.uel.br\/com\/agenciaueldenoticias\/index.php?arq=ARQ_not&amp;id=28373\">Pesquisa conjunta tra\u00e7a perfil dos moradores de rua de Londrina<\/a><\/p>\n\n\n\n<p>Ag\u00eancia UEL de Not\u00edcias: <a href=\"https:\/\/www.uel.br\/com\/agenciaueldenoticias\/index.php?arq=ARQ_not&amp;id=27169\">Pesquisa tra\u00e7a perfil dos moradores de rua de Londrina <\/a><\/p>\n\n\n\n<p>Portal Verdade: <a href=\"https:\/\/portalverdade.com.br\/festival-das-diversidades-retorna-a-uel-nesta-sexta-23\/\" data-type=\"link\" data-id=\"https:\/\/portalverdade.com.br\/festival-das-diversidades-retorna-a-uel-nesta-sexta-23\/\">Festival das Diversidades retorna a UEL nesta sexta (23)<\/a><\/p>\n\n\n\n<p>Portal Verdade: <a href=\"https:\/\/portalverdade.com.br\/uel-celebra-pluralidade-e-direitos-humanos-com-festival-das-diversidades-no-clch\/\" data-type=\"link\" data-id=\"https:\/\/portalverdade.com.br\/uel-celebra-pluralidade-e-direitos-humanos-com-festival-das-diversidades-no-clch\/\">UEL celebra pluralidade e direitos humanos com \u201cFestival das Diversidades\u201d no CLCH<\/a><\/p>\n\n\n\n<p>Folha de Londrina: <a href=\"https:\/\/www.folhadelondrina.com.br\/folha-2\/2-edicao-do-festival-das-diversidades-sera-nesta-sexta-23-na-uel-3264042e.html?d=1\" data-type=\"link\" data-id=\"https:\/\/www.folhadelondrina.com.br\/folha-2\/2-edicao-do-festival-das-diversidades-sera-nesta-sexta-23-na-uel-3264042e.html?d=1\">2\u00b0 edi\u00e7\u00e3o do Festival d\u1ea1s Diversidades ser\u00e1 nesta sexta(23) na UEL<\/a><\/p>\n\n\n\n<p>Folha de Londrina: <a href=\"https:\/\/www.folhadelondrina.com.br\/folha-2\/uel-recebe-festival-das-diversidades-na-proxima-semana-3246803e.html?d=1\" data-type=\"link\" data-id=\"https:\/\/www.folhadelondrina.com.br\/folha-2\/uel-recebe-festival-das-diversidades-na-proxima-semana-3246803e.html?d=1\">UEL recebe Festival das Diversidades na pr\u00f3xima semana<\/a><\/p>\n\n\n\n<p>O Perobal: <a href=\"https:\/\/operobal.uel.br\/cultura\/2024\/02\/22\/festival-das-diversidades-leva-arte-e-cultura-ao-clch-no-dia-1-de-marco\/\" data-type=\"link\" data-id=\"https:\/\/operobal.uel.br\/cultura\/2024\/02\/22\/festival-das-diversidades-leva-arte-e-cultura-ao-clch-no-dia-1-de-marco\/\">Festival das Diversidades leva arte e cultura ao CLCH no dia 1\u00b0 de mar\u00e7o<\/a><\/p>\n\n\n\n<p>Portal Bonde:<a href=\"https:\/\/www.bonde.com.br\/entretenimento\/shows-eventos\/uel-recebe-2-edicao-do-festival-das-diversidades-nesta-sexta\" data-type=\"link\" data-id=\"https:\/\/www.bonde.com.br\/entretenimento\/shows-eventos\/uel-recebe-2-edicao-do-festival-das-diversidades-nesta-sexta\"> UEL recebe 2\u00aa edi\u00e7\u00e3o do Festival das Diversidades nesta sexta<\/a><\/p>\n\n\n\n<p>Portal Verdade: <a href=\"https:\/\/portalverdade.com.br\/uel-sedia-i-simposio-de-cannabis-e-iii-forum-paranaense-de-cannabis\/\" data-type=\"link\" data-id=\"https:\/\/portalverdade.com.br\/uel-sedia-i-simposio-de-cannabis-e-iii-forum-paranaense-de-cannabis\/\">UEL: Simp\u00f3sio de Cannabis e III F\u00f3rum Paranaense de Cannabis acontece nesta quinta e sexta-feira<\/a><\/p>\n\n\n\n<p>Portal Verdade:<a href=\"https:\/\/portalverdade.com.br\/quinta-cannabica-evento-na-uel-discute-uso-medicinal-da-maconha-e-implementacao-da-lei-petala-no-parana\/\" data-type=\"link\" data-id=\"https:\/\/portalverdade.com.br\/quinta-cannabica-evento-na-uel-discute-uso-medicinal-da-maconha-e-implementacao-da-lei-petala-no-parana\/\"> \u201cQuinta cann\u00e1bica\u201d: Evento na UEL discute uso medicinal da maconha e implementa\u00e7\u00e3o da Lei P\u00e9tala no Paran\u00e1<\/a><\/p>\n\n\n\n<p>Rede Lume: <a href=\"https:\/\/redelume.com.br\/2022\/09\/16\/cannabis-cura-em-flor-celebra-dois-anos\/\" data-type=\"link\" data-id=\"https:\/\/redelume.com.br\/2022\/09\/16\/cannabis-cura-em-flor-celebra-dois-anos\/\">\u2018Cura em Flor\u2019 celebra dois anos de luta por tratamentos com cannabis no Paran\u00e1<\/a><\/p>\n\n\n\n<p>Rede Lume: <a href=\"https:\/\/redelume.com.br\/2023\/03\/22\/quinta-cannabica-autor-lei-petala\/\" data-type=\"link\" data-id=\"https:\/\/redelume.com.br\/2023\/03\/22\/quinta-cannabica-autor-lei-petala\/\">Quinta Cann\u00e1bica recebe deputado autor da Lei P\u00e9tala<\/a><\/p>\n\n\n\n<p>O Perobal: <a href=\"https:\/\/operobal.uel.br\/ensino-pesquisa-e-extensao\/2023\/06\/27\/projeto-praxis-colabora-com-banco-de-dados-de-pesquisas-de-cannabis-medicinal\/\" data-type=\"link\" data-id=\"https:\/\/operobal.uel.br\/ensino-pesquisa-e-extensao\/2023\/06\/27\/projeto-praxis-colabora-com-banco-de-dados-de-pesquisas-de-cannabis-medicinal\/\">Projeto Pr\u00e1xis colabora com banco de dados de pesquisas de cannabis medicinal<\/a><\/p>\n\n\n\n<p>O Perobal: <a href=\"https:\/\/operobal.uel.br\/pesquisas\/2024\/12\/04\/uel-sedia-eventos-sobre-uso-medicinal-legislacao-e-aplicacoes-terapeuticas-e-industriais-da-cannabis\/\" data-type=\"link\" data-id=\"https:\/\/operobal.uel.br\/pesquisas\/2024\/12\/04\/uel-sedia-eventos-sobre-uso-medicinal-legislacao-e-aplicacoes-terapeuticas-e-industriais-da-cannabis\/\">UEL sedia eventos sobre uso medicinal, legisla\u00e7\u00e3o e aplica\u00e7\u00f5es terap\u00eauticas e industriais da Cannabis<\/a><\/p>\n\n\n\n<p>O Perobal: <a href=\"https:\/\/operobal.uel.br\/ultimas\/2023\/03\/21\/evento-discute-uso-terapeutico-e-acesso-a-medicamentos-com-canabidiol\/\" data-type=\"link\" data-id=\"https:\/\/operobal.uel.br\/ultimas\/2023\/03\/21\/evento-discute-uso-terapeutico-e-acesso-a-medicamentos-com-canabidiol\/\">Evento discute uso terap\u00eautico e acesso a medicamentos com canabidiol<\/a><\/p>\n\n\n\n<p>Portal Verdade: <a href=\"https:\/\/portalverdade.com.br\/frente-trans-de-londrina-realiza-live-para-denunciar-resolucao-do-cfm-que-restringe-terapias-hormonais-para-criancas-e-adolescentes-trans\/\">Frente Trans de Londrina realiza live para denunciar Resolu\u00e7\u00e3o do CFM que restringe terapias hormonais para crian\u00e7as e adolescentes trans <\/a><em>&nbsp;<\/em><\/p>\n\n\n\n<p>Portal Verdade: <a href=\"https:\/\/portalverdade.com.br\/a-universidade-e-uma-possibilidade-estudantes-do-cursinho-praxis-itinerante-comemoram-aprovacoes-em-vestibulares\/\">\u201cA universidade \u00e9 uma possibilidade\u201d: estudantes do Cursinho Pr\u00e1xis Itinerante comemoram aprova\u00e7\u00f5es em vestibulares <\/a><em>&nbsp;<\/em><\/p>\n\n\n\n<p>Agenda Cultural: <a href=\"https:\/\/www.instagram.com\/p\/DG3yBnRBUq7\/?igsh=QkJuU0RzUzB1Tg%3D%3D&amp;img_index=1\">Instagram @secretariadeculturalondrina<\/a><em>&nbsp;<\/em><\/p>\n\n\n\n<p>Boletim UEL FM: <a href=\"https:\/\/radio.uel.br\/boletim-do-meio-dia\/boletim-uel-fm-noticia-2\/2025\/01\/17\">Jornada da Visibilidade Trans 2025 <\/a><em>&nbsp;<\/em><\/p>\n\n\n\n<p>Portal Verdade: <em> <\/em><a href=\"https:\/\/portalverdade.com.br\/em-londrina-jornada-da-visibilidade-trans-2025-inicia-nesta-quinta-feira-16\/\">Em Londrina, Jornada da Visibilidade Trans 2025 inicia nesta quinta-feira (16) <\/a><em>&nbsp;<\/em><\/p>\n\n\n\n<p>O Perobal: <a href=\"https:\/\/operobal.uel.br\/ensino\/2025\/03\/10\/exposicao-aborda-trajetoria-do-jornal-brasil-mulher-criado-em-londrina-na-decada-de-1970\/\">Exposi\u00e7\u00e3o aborda trajet\u00f3ria do jornal Brasil Mulher, criado em Londrina na d\u00e9cada de 1970<\/a><em>&nbsp;<\/em><\/p>\n\n\n\n<p>Londrina Cultura:<em> <\/em><a href=\"https:\/\/londrinacultura.londrina.pr.gov.br\/evento\/4604\/#\/tab=sobre\">Exposi\u00e7\u00e3o: \u201cP\u00e1ginas de Luta &#8211; O Jornal Brasil Mulher e a Resist\u00eancia Feminina em Londrina<\/a><em>&nbsp;<\/em><\/p>\n\n\n\n<p>Portal Verdade: <a href=\"https:\/\/portalverdade.com.br\/marco-da-imprensa-alternativa-e-feminista-jornal-brasil-mulher-e-tema-de-exposicao-na-biblioteca-central-de-londrina\/\">Marco da imprensa alternativa e feminista, Jornal Brasil Mulher \u00e9 tema de exposi\u00e7\u00e3o na Biblioteca Central de Londrina <\/a><em>&nbsp;<\/em><\/p>\n\n\n\n<p>O Perobal:<em> <\/em><a href=\"https:\/\/operobal.uel.br\/clch\/2025\/03\/28\/pesquisadores-da-uel-sao-destaque-no-premio-memorias-reveladas-do-arquivo-nacional\/\">Pesquisadores da UEL s\u00e3o destaque no Pr\u00eamio Mem\u00f3rias Reveladas, do Arquivo Nacional<\/a><em>&nbsp;<\/em><\/p>\n\n\n\n<p>Portal Verdade: <a href=\"https:\/\/portalverdade.com.br\/pesquisadores-da-uel-sao-destaque-no-premio-memorias-reveladas-do-arquivo-nacional\/\">Pesquisadores da UEL s\u00e3o destaque no Pr\u00eamio Mem\u00f3rias Reveladas, do Arquivo Nacional<\/a><em>&nbsp;<\/em><\/p>\n\n\n\n<p>Portal Verdade: <a href=\"https:\/\/portalverdade.com.br\/recepciona-praxis-projeto-da-uel-recebe-estudantes-com-batalha-de-rima-ballroom-e-slam\/\">Recepciona Pr\u00e1xis: projeto da UEL recebe estudantes com batalha de rima, ballroom e slam<\/a><em>&nbsp;<\/em>&nbsp;<\/p>\n\n\n\n<p>Jornal Uni\u00e3o: <a href=\"https:\/\/jornaluniao.com.br\/noticias\/cultura\/trajetoria-do-jornal-brasil-mulher-e-tema-de-exposicao-na-biblioteca-central#google_vignette\">Trajet\u00f3ria do Jornal Brasil Mulher \u00e9 tema de exposi\u00e7\u00e3o na Biblioteca Central.<\/a><em>&nbsp;<\/em><\/p>\n\n\n\n<p>Blog.Londrina; Prefeitura de Londrina:<em> <\/em><a href=\"https:\/\/blog.londrina.pr.gov.br\/?p=187328&amp;\">Trajet\u00f3ria do Jornal Brasil Mulher \u00e9 tema de exposi\u00e7\u00e3o na Biblioteca Central<\/a><em>&nbsp;<\/em><\/p>\n\n\n\n<p>Instagram @bplondrina: <a href=\"https:\/\/www.instagram.com\/p\/DHDv3GLRdry\/?igsh=QkFPbFNkemVPUQ%3D%3D&amp;img_index=7\">Uma semana iniciando com a Biblioteca desempenhando seu papel social, educativo e cultural.<\/a><em>&nbsp;<\/em><\/p>\n\n\n\n<p>Intagram @portalverdade.oficial: <a href=\"https:\/\/www.instagram.com\/p\/C-XxpROx-3O\/?igsh=Y3liM2ZiaG9semtx&amp;img_index=1\">A viv\u00eancia migrante na UEL<\/a><em>&nbsp;<\/em><\/p>\n\n\n\n<p>R\u00e1dio UEL: <a href=\"https:\/\/radio.uel.br\/wp-content\/uploads\/2024\/11\/21-11-24-BATALHAS-DE-RIMA-PRAXIS-ITINERANTE-UEL-E-SECRETARIA-MUNICIPAL-DE-CULTURA-.mp3\">Batalhas de Rima &#8211; Pr\u00e1xis Itinerante e Secretaria de Cultura<\/a><em>&nbsp;<\/em><\/p>\n\n\n\n<p>R\u00e1dio UEL:<em> <\/em><a href=\"https:\/\/radio.uel.br\/wp-content\/uploads\/2024\/11\/22-11-24-CIRCUITO-LONDRINENSE-DE-BATALHAS-DE-RIMA.mp3\">Circuito londrinense de batalhas de rima<\/a><em>&nbsp;<\/em><\/p>\n\n\n\n<p>PodCast Aroeira: <a href=\"https:\/\/open.spotify.com\/episode\/6uden6jKDQmMlycRNQq9GH?si=BqJ8hSWeSr2WVnjkvTaOlw&amp;nd=1&amp;dlsi=18da7a57fc074494\">Curso Pr\u00e9-Vestibular abre inscri\u00e7\u00f5es para simulado gratuito UEL <\/a><em>&nbsp;<\/em><\/p>\n\n\n\n<p>Portal Verdade: <a href=\"https:\/\/portalverdade.com.br\/em-londrina-hip-hop-ocupa-o-teatro-ouro-verde-com-o-evento-batalha-coroa-de-ouro\/\">Em Londrina, Hip-hop ocupa o Teatro Ouro Verde com o evento \u201cBatalha Coroa de Ouro\u201d<\/a><em>&nbsp;<\/em><\/p>\n\n\n\n<p>Portal Verdade: <a href=\"https:\/\/portalverdade.com.br\/em-parceria-com-cepv-cursinho-praxis-itinerante-promove-atividades-interdisciplinares-em-colegios-da-zona-sul-de-londrina\/\">Em parceria com CEPV, Pr\u00e1xis Itinerante promove atividades interdisciplinares em col\u00e9gios da zona Sul de Londrina<\/a><em>&nbsp;<\/em><\/p>\n\n\n\n<p>Portal Verdade: <a href=\"https:\/\/portalverdade.com.br\/evento-a-vivencia-migrante-na-uel-abordara-desafios-e-experiencias-de-alunos-na-universidade\/\">Evento discute experi\u00eancias e desafios de estudantes migrantes na UEL<\/a><em>&nbsp;<\/em><\/p>\n\n\n\n<p>R\u00e1dio UEL: <a href=\"https:\/\/radio.uel.br\/wp-content\/uploads\/2024\/08\/05-08-24-I-SIMPOSIO-INTERNACIONAL-PRAXIS-ITINERANTE.mp3\">Evento internacional promove debates sobre Juventudes e Diversidades. Realiza\u00e7\u00e3o \u00e9 do Pr\u00e1xis Itinerante, projeto de extens\u00e3o da UEL<\/a><em>&nbsp;<\/em><\/p>\n\n\n\n<p>TV UEL: <a href=\"https:\/\/www.youtube.com\/watch?v=NvOqOuL4eho\">Festival das Diversidades promove cultura para comunidade interna e externa na UEL <\/a><em>&nbsp;<\/em><\/p>\n\n\n\n<p>TV UEL: <a href=\"https:\/\/www.uel.br\/tv\/site\/?videos=festival-das-diversidades-realiza-segunda-edicao\">Festival das Diversidades realiza segunda edi\u00e7\u00e3o<\/a><em>&nbsp;<\/em><\/p>\n\n\n\n<p>R\u00e1dio UEL: <a href=\"https:\/\/radio.uel.br\/noticias\/revista-do-meio-dia\/revista-do-meio-dia-342\/2024\/08\/07\">I SIMP\u00d3SIO INTERNACIONAL PR\u00c1XIS ITINERANTE UEL<\/a><em>&nbsp;<\/em><\/p>\n\n\n\n<p>Podcast Marc\u00e3o Kareca:<em> <\/em><a href=\"https:\/\/www.youtube.com\/watch?v=_a1AMgpYNKM\">Juventude e Diversidades!<\/a><em>&nbsp;<\/em><\/p>\n\n\n\n<p>Portal Verdade: <a href=\"https:\/\/portalverdade.com.br\/juventudes-e-resistencias-e-tema-de-mesa-na-uel-nesta-terca-feira-20\/\">Juventudes e resist\u00eancias \u00e9 tema de mesa na UEL nesta ter\u00e7a-feira (20)<\/a><em>&nbsp;<\/em><\/p>\n\n\n\n<p>O Perobal:<em> <\/em><a href=\"https:\/\/operobal.uel.br\/cepv\/2024\/10\/16\/praxis-itinerante-e-cepv-promovem-atividades-com-alunos-de-colegios-estaduais\/?fbclid=PAZXh0bgNhZW0CMTEAAaZekWlNqTYCkyOzo_g1o2eHIMHoS2AlCoWWrvpTSPJcqE_EGPr7HlC834s_aem_N7963lCaRZV1DzJHT6VvJQ\">Pr\u00e1xis Itinerante e CEPV promovem atividades com alunos de col\u00e9gios estaduais <\/a><em>&nbsp;<\/em><\/p>\n\n\n\n<p>Portal Verdade:<em> <\/em><a href=\"https:\/\/portalverdade.com.br\/projeto-da-uel-resgata-memoria-do-assentamento-eli-vive\/\">Projeto da UEL resgata mem\u00f3ria do Assentamento Eli Vive<\/a><em>&nbsp;<\/em><\/p>\n\n\n\n<p>TV UEL: <a href=\"https:\/\/www.youtube.com\/watch?v=IfxODRbft9E\">Projeto de Extens\u00e3o da UEL promove atividades culturais em col\u00e9gio estadual<\/a><em>&nbsp;<\/em><\/p>\n\n\n\n<p>O Perobal: <a href=\"https:\/\/operobal.uel.br\/eventos\/2024\/03\/06\/sarau-de-sociais-movimenta-bar-valentino-com-musica-e-diversidade-nesta-quinta-7\/\">Sarau de Sociais movimenta Bar Valentino com m\u00fasica e diversidade nesta quinta (7)<\/a><em>&nbsp;<\/em><\/p>\n\n\n\n<p>Folha de Londrina: <a href=\"https:\/\/www.folhadelondrina.com.br\/geral\/trajetoria-de-aprovados-no-vestibular-da-uel-e-de-persistencia-e-de-muito-estudo-3245715e.html?fbclid=PAAaaZ11gz85Z3xnuAuXnmNrYrSoMZP7Lza8RuLLdSub9u3rdwQ8RNmgALaWo&amp;d=1\">Trajet\u00f3ria de aprovados no vestibular da UEL \u00e9 de persist\u00eancia e de muito estudo<\/a><em>&nbsp;<\/em><\/p>\n\n\n\n<p>O Perobal: <a href=\"https:\/\/operobal.uel.br\/ultimas\/2024\/12\/04\/uel-sedia-eventos-sobre-uso-medicinal-legislacao-e-aplicacoes-terapeuticas-e-industriais-da-cannabis\/\">UEL sedia eventos sobre uso medicinal, legisla\u00e7\u00e3o e aplica\u00e7\u00f5es terap\u00eauticas e industriais da Cannabis<\/a><em>&nbsp;<\/em><\/p>\n\n\n\n<p>R\u00e1dio UEL: <a href=\"https:\/\/radio.uel.br\/noticias\/revista-do-meio-dia\/revista-do-meio-dia-418\/2024\/12\/03\">UEL sedia nesta quinta e sexta-feira o primeiro Simp\u00f3sio de Cannabis e o terceiro F\u00f3rum Paranaense de Cannabis. Eventos discutem marcos regulat\u00f3rios, produ\u00e7\u00e3o e uso medicinal da planta<\/a><em>&nbsp;<\/em><\/p>\n\n\n\n<p>R\u00e1dio UEL:<em> <\/em><a href=\"https:\/\/radio.uel.br\/noticias\/revista-do-meio-dia\/revista-do-meio-dia-417\/2024\/12\/02\">UEL sedia 1\u00ba Simp\u00f3sio de Cannabis e 3\u00ba F\u00f3rum Paranaense de Cannabis. Em discuss\u00e3o, marcos regulat\u00f3rios, produ\u00e7\u00e3o e usos terap\u00eauticos e industriais da planta<\/a><em>&nbsp;<\/em><\/p>\n\n\n\n<p>O Perobal:<em> <\/em><a href=\"https:\/\/operobal.uel.br\/extensao\/2024\/10\/30\/uel-tera-r-26-milhoes-para-projetos-de-extensao-em-municipios-com-baixo-idh\/\">UEL ter\u00e1 R$ 2,6 milh\u00f5es para projetos de extens\u00e3o em munic\u00edpios com baixo IDH <\/a><em>&nbsp;<\/em><\/p>\n\n\n\n<p>TV UEL:<em> <\/em><a href=\"https:\/\/www.youtube.com\/watch?v=JwCpKYV8oAQ\">UEL vai sediar eventos sobre aplica\u00e7\u00f5es da Cannabis<\/a><em>&nbsp;<\/em><\/p>\n\n\n\n<p>R\u00e1dio UEL:<em> <\/em><a href=\"https:\/\/radio.uel.br\/wp-content\/uploads\/2024\/03\/06-03-24-SARAU-de-SOCIAIS.mp3\">Vem a\u00ed o X Sarau de Sociais, promovido pelo Projeto Pr\u00e1xis Itinerante da UEL<\/a><em>&nbsp;<\/em><\/p>\n\n\n\n<p>R\u00e1dio UEL:<em> <\/em><a href=\"https:\/\/radio.uel.br\/noticias\/revista-do-meio-dia\/revista-do-meio-dia-342\/2024\/08\/07\">Viv\u00eancia migrante \u00e9 tema de encontro na UEL. Iniciativa \u00e9 do Grupo de Pesquisa Servi\u00e7o Social e Sa\u00fade <\/a><em>&nbsp;<\/em><\/p>\n\n\n\n<p>Portal Verdade: <a href=\"https:\/\/portalverdade.com.br\/10-edicao-do-sarau-de-ciencias-sociais-acontece-nesta-quinta-7\/\">10\u00aa edi\u00e7\u00e3o do Sarau de Ci\u00eancias Sociais acontece no Bar Valentino nesta quinta-feira (7)<\/a><em>&nbsp;<\/em><\/p>\n\n\n\n<p>Portal Verdade:<em> <\/em><a href=\"https:\/\/portalverdade.com.br\/a-ditadura-foi-muito-eficiente-em-esconder-os-crimes-dela-diz-professor\/\">\u201cA ditadura foi muito eficiente em esconder os crimes dela\u201d, diz professor<\/a><em>&nbsp;<\/em><\/p>\n\n\n\n<p>O Perobal:<em> <\/em><a href=\"https:\/\/sites.uel.br\/clch\/institucional\/2023\/08\/25\/as-terras-do-parana-conflitos-sob-o-prisma-dos-arquivos-ineditos-do-seculo-xx\/\">As Terras do Paran\u00e1: conflitos sob o prisma dos arquivos in\u00e9ditos do s\u00e9culo XX<\/a><em>&nbsp;<\/em><\/p>\n\n\n\n<p>O Perobal: <a href=\"https:\/\/operobal.uel.br\/extensao\/2023\/03\/16\/convenio-viabiliza-cursos-de-capacitacao-para-moradores-de-ocupacoes-da-zona-sul\/\">Conv\u00eanio viabiliza cursos de capacita\u00e7\u00e3o para moradores de ocupa\u00e7\u00f5es da Zona Sul <\/a><em>&nbsp;<\/em><\/p>\n\n\n\n<p>O Londrinense: <a href=\"https:\/\/olondrinense.com.br\/londrina\/documentario-sobre-umbanda-tera-nova-apresentacao\/\">Document\u00e1rio e livro sobre a Umbanda em Londrina ser\u00e3o lan\u00e7ados dia 23 <\/a><em>&nbsp;<\/em><\/p>\n\n\n\n<p>O Londrinense:<em> <\/em><a href=\"https:\/\/olondrinense.com.br\/documentario-sobre-umbanda-tera-nova-apresentacao\/\">Document\u00e1rio sobre Umbanda ter\u00e1 nova apresenta\u00e7\u00e3o<\/a><em>&nbsp;<\/em><\/p>\n\n\n\n<p>Rede Lume:<em> <\/em><a href=\"https:\/\/redelume.com.br\/2023\/05\/22\/e-book-arquivos-secretos-ditadura\/\">E-book exp\u00f5e e debate arquivos secretos da ditadura <\/a><em>&nbsp;<\/em><\/p>\n\n\n\n<p>O que elas pensam? (Podcast): <a href=\"https:\/\/open.spotify.com\/episode\/4HGoYatBxrQzYeB8AXTGS1?si=qRiDVV9fRxC5o-xtK190zQ&amp;context=spotify%3Ashow%3A3etBi6ynGhImIzTrNKQbHb&amp;nd=1\">Ep. Extra &#8216;A ditadura foi muito eficiente em esconder os crimes dela&#8217; <\/a><em>&nbsp;<\/em><\/p>\n\n\n\n<p>O que elas pensam? (Podcast): <a href=\"https:\/\/open.spotify.com\/episode\/2kYFqH76xLzoCgkE66eg6H?si=c58UkYvgTAudKuAIOtXazQ&amp;nd=1\">Ep. Extra: G\u00eanero e ditadura empresarial-militar no Brasil &#8211; entrevista com Marina Adams<\/a><em>&nbsp;<\/em><\/p>\n\n\n\n<p>Folha de Londrina:<em> <\/em><a href=\"https:\/\/www.folhadelondrina.com.br\/geral\/exposicao-audiovisual-investiga-conflitos-agrarios-a-partir-de-documentos-ineditos-3239856e.html?d=1\">Exposi\u00e7\u00e3o audiovisual investiga conflitos agr\u00e1rios a partir de documentos in\u00e9ditos <\/a><em>&nbsp;<\/em><\/p>\n\n\n\n<p>Programa Primeiro Impacto &#8211; Rede Massa\/Londrina:<em> <\/em><a href=\"https:\/\/www.youtube.com\/watch?v=Xly0tr7TrPs\">Exposi\u00e7\u00e3o Audiovisual na UEL mostra documentos in\u00e9ditos da Ditadura Militar<\/a><em>&nbsp;<\/em><\/p>\n\n\n\n<p>O Perobal:<em> <\/em><a href=\"https:\/\/operobal.uel.br\/extensao\/2023\/08\/24\/exposicao-destaca-aspectos-sociais-do-desenvolvimento-do-agronegocio-no-parana\/\">Exposi\u00e7\u00e3o destaca aspectos sociais do desenvolvimento do agroneg\u00f3cio no Paran\u00e1 <\/a><em>&nbsp;<\/em><\/p>\n\n\n\n<p>Rede Lume: <a href=\"https:\/\/redelume.com.br\/2023\/08\/26\/exposicao-conflitos-agrarios-pr\/\">Exposi\u00e7\u00e3o na UEL trata dos conflitos agr\u00e1rios no PR durante a ditadura<\/a><em>&nbsp;<\/em><\/p>\n\n\n\n<p>R\u00e1dio UEL: <a href=\"https:\/\/radio.uel.br\/wp-content\/uploads\/2023\/08\/25-08-23-EXPOSICAO-CAPELA.mp3\">EXPOSI\u00c7\u00c3O TERRAS DO PARAN\u00c1<\/a><em>&nbsp;<\/em><\/p>\n\n\n\n<p>Portal Verdade: <a href=\"https:\/\/portalverdade.com.br\/uel-exposicao-traz-documentos-ineditos-sobre-violacao-a-direitos-de-trabalhadores-do-campo-no-parana-durante-ditadura-militar\/\">Exposi\u00e7\u00e3o traz documentos sobre viola\u00e7\u00e3o a direitos de trabalhadores do campo no Paran\u00e1 durante ditadura militar<\/a><em>&nbsp;<\/em><\/p>\n\n\n\n<p>O Perobal:<em> <\/em><a href=\"https:\/\/operobal.uel.br\/clch\/2023\/08\/29\/historiadora-media-audiovisual-sobre-conflitos-agrarios-no-seculo-xx-no-pr\/\">Historiadora media audiovisual sobre conflitos agr\u00e1rios no s\u00e9culo XX no PR<\/a><em>&nbsp;<\/em><\/p>\n\n\n\n<p>O Perobal: <a href=\"https:\/\/operobal.uel.br\/eventos\/2023\/05\/17\/laboratorio-de-estudos-sobre-religioes-lanca-obra-que-analisa-a-ditadura-militar-no-brasil\/\">Laborat\u00f3rio de estudos sobre religi\u00f5es lan\u00e7a obra que analisa a Ditadura Militar no Brasil<\/a><em>&nbsp;<\/em><\/p>\n\n\n\n<p>Folha de Londrina:<em> <\/em><a href=\"https:\/\/www.folhadelondrina.com.br\/folha-2\/laboratorio-de-estudos-sobre-religioes-lanca-obra-que-analisa-arquivos-da-ditadura-militar-no-brasil-3232915e.html?d=1\">Laborat\u00f3rio de estudos sobre religi\u00f5es lan\u00e7a obra que analisa os arquivos da Ditadura Militar no Brasil<\/a><em>&nbsp;<\/em><\/p>\n\n\n\n<p>R\u00e1dio UEL: <a href=\"https:\/\/radio.uel.br\/noticias\/revista-do-meio-dia\/revista-do-meio-dia-145\/2023\/05\/19\">Lan\u00e7amento Livro Ditadura UEL <\/a><em>&nbsp;<\/em><\/p>\n\n\n\n<p>R\u00e1dio UEL: <a href=\"https:\/\/radio.uel.br\/sem-categoria\/revista-do-meio-dia-109\/2023\/03\/24\">LEI P\u00c9TALA<\/a><em>&nbsp;<\/em><\/p>\n\n\n\n<p>R\u00e1dio UEL: <a href=\"https:\/\/radio.uel.br\/noticias\/revista-do-meio-dia\/revista-do-meio-dia-231\/2023\/10\/27\">OFICINA PROFSOCIO\/UFCG &#8211; UNIDADE UEL <\/a><em>&nbsp;<\/em><\/p>\n\n\n\n<p>Rede Lume: <a href=\"https:\/\/redelume.com.br\/2023\/09\/08\/pesquisadora-genero-ditadura-militar\/#:~:text=A%20pesquisadora%20esteve%20na%20Universidade,do%20projeto%20Opening%20the%20Archives%2C\">Pesquisadora estuda rela\u00e7\u00f5es de g\u00eanero na ditadura militar<\/a><em>&nbsp;<\/em><\/p>\n\n\n\n<p>R\u00e1dio UEL: <a href=\"https:\/\/radio.uel.br\/noticias\/revista-do-meio-dia\/revista-do-meio-dia-148\/2023\/05\/25\">Pesquisadores da UEL lan\u00e7am livro sobre a Ditadura Militar no Brasil. Obra analisa sete mil documentos in\u00e9ditos sobre investiga\u00e7\u00f5es, persegui\u00e7\u00f5es, silenciamentos e repress\u00f5es a seguimentos que se opuseram ao regime<\/a><em>&nbsp;<\/em><\/p>\n\n\n\n<p>R\u00e1dio UEL:<em> <\/em><a href=\"https:\/\/radio.uel.br\/noticias\/revista-do-meio-dia\/boletim-do-meio-dia-14\/2023\/12\/06\">Pr\u00e1xis Itinerante<\/a><em>&nbsp;<\/em><\/p>\n\n\n\n<p>aLumni &#8211; Associa\u00e7\u00e3o de ex-alunos UEL: <a href=\"https:\/\/alumniuel.org.br\/planetauel\/200-projeto+da+uel+colabora+com+banco+de+dados+de+pesquisas+sobre+cannabis+medicinal\">Projeto da UEL colabora com banco de dados de pesquisas sobre cannabis medicinal <\/a><em>&nbsp;<\/em><\/p>\n\n\n\n<p>O Bonde: <a href=\"https:\/\/www.bonde.com.br\/educacao\/noticias\/projeto-da-uel-viabiliza-cursos-de-capacitacao-para-moradores-de-ocupacoes-da-zona-sul\">Projeto da UEL viabiliza cursos de capacita\u00e7\u00e3o para moradores de ocupa\u00e7\u00f5es da Zona Sul <\/a><em>&nbsp;<\/em><\/p>\n\n\n\n<p>O Perobal: <a href=\"https:\/\/operobal.uel.br\/ultimas\/2023\/11\/24\/projeto-integrado-de-pesquisa-e-extensao-promove-intensivao-para-o-vestibular-uel-2024\/\">Projeto integrado de pesquisa e extens\u00e3o promove \u201cintensiv\u00e3o\u201d para o Vestibular UEL 2024 <\/a><em>&nbsp;<\/em><\/p>\n\n\n\n<p>O Perobal: <a href=\"https:\/\/operobal.uel.br\/ultimas\/2023\/06\/27\/projeto-praxis-colabora-com-banco-de-dados-de-pesquisas-de-cannabis-medicinal\/\">Projeto Pr\u00e1xis colabora com banco de dados de pesquisas de cannabis medicinal <\/a><em>&nbsp;<\/em><\/p>\n\n\n\n<p>R\u00e1dio UEL: <a href=\"https:\/\/radio.uel.br\/noticias\/revista-do-meio-dia\/revista-do-meio-dia-108\/2023\/03\/23\">QUINTA CAN\u00c1BICA<\/a><em>&nbsp;<\/em><\/p>\n\n\n\n<p>R\u00e1dio UEL: <a href=\"https:\/\/radio.uel.br\/noticias\/revista-do-meio-dia\/revista-do-meio-dia-110\/2023\/03\/27\">QUINTA CAN\u00c1BICA<\/a><em>&nbsp;<\/em><\/p>\n\n\n\n<p>R\u00e1dio UEL: <a href=\"https:\/\/radio.uel.br\/noticias\/revista-do-meio-dia\/revista-do-meio-dia-107\/2023\/03\/22\">QUINTA CAN\u00c1BICA <\/a><em>&nbsp;<\/em><\/p>\n\n\n\n<p>Portal Verdade: <a href=\"https:\/\/portalverdade.com.br\/repressao-e-silenciamento-durante-a-ditadura-e-tema-de-e-book-lancado-neste-sabado-em-londrina\/\">Repress\u00e3o e silenciamento durante a ditadura \u00e9 tema de e-book lan\u00e7ado neste s\u00e1bado em Londrina <\/a><em>&nbsp;<\/em><\/p>\n\n\n\n<p>TV UEL: <a href=\"https:\/\/www.youtube.com\/watch?v=vEbz2-noMSY\">&#8216;Terras do Paran\u00e1&#8217; \u00e9 tema de exposi\u00e7\u00e3o na UEL<\/a><em>&nbsp;<\/em><\/p>\n\n\n\n<p>Guata Cultura em Movimento <a href=\"https:\/\/guatafoz.com.br\/laboratorio-de-estudos-da-uel-lanca-obra-digital-que-analisa-a-ditadura-militar-no-brasil\/\">UEL: Laborat\u00f3rio de Estudos Sobre Religi\u00e3o lan\u00e7a obra que analisa a Ditadura Militar no Brasil<\/a><em>&nbsp;<\/em><\/p>\n\n\n\n<p>Portal Verdade:<em> <\/em><a href=\"https:\/\/portalverdade.com.br\/vestibular-uel-projeto-praxis-itinerante-oferece-cursinho-popular-na-regiao-sul-de-londrina\/\">Projeto Pr\u00e1xis Itinerante oferece Cursinho Popular na regi\u00e3o Sul de Londrina <\/a><em>&nbsp;<\/em><\/p>\n\n\n\n<p>Portal Verdade: <a href=\"https:\/\/radio.uel.br\/noticias\/revista-do-meio-dia\/revista-do-meio-dia-20\/2022\/08\/26\">Brasilianista James Green faz confer\u00eancia hoje na UEL sobre democracia e a\u00e7\u00f5es golpistas<\/a><em>&nbsp;<\/em><\/p>\n\n\n\n<p>O Londrinense: <a href=\"https:\/\/olondrinense.com.br\/brasilianista-james-green-faz-conferencia-na-uel-na-sexta-feira-26\/\">Brasilianista James Green faz confer\u00eancia na UEL, na sexta-feira (26) <\/a><em>&nbsp;<\/em><\/p>\n\n\n\n<p>Londrina Hoje: <a href=\"https:\/\/londrinahoje.com\/brasilianista-james-green-vem-a-uel-para-conferencia-sobre-democracia-e-acoes-golpistas\/\">Brasilianista James Green vem \u00e0 UEL para confer\u00eancia sobre democracia e a\u00e7\u00f5es golpistas<\/a><em>&nbsp;<\/em><\/p>\n\n\n\n<p>Portal Verdade: <a href=\"https:\/\/portalverdade.com.br\/carta-em-defesa-da-democracia-sera-lida-na-uel-nesta-quinta-feira-11\/\">Carta em defesa da democracia ser\u00e1 lida na UEL nesta quinta-feira (11)<\/a><em>&nbsp;<\/em><\/p>\n\n\n\n<p>Londrina Hoje: <a href=\"https:\/\/londrinahoje.com\/colegio-da-zona-oeste-tera-debate-sobre-intolerancia-religiosa-nesta-segunda-4\/\">Col\u00e9gio da zona oeste ter\u00e1 debate sobre intoler\u00e2ncia religiosa nesta segunda (4) <\/a><em>&nbsp;<\/em><\/p>\n\n\n\n<p>Paiquer\u00ea: <a href=\"https:\/\/www.paiquere.com.br\/colegio-da-zona-oeste-tera-debate-sobre-intolerancia-religiosa-nesta-segunda-4\/\">Col\u00e9gio da zona oeste ter\u00e1 debate sobre intoler\u00e2ncia religiosa nesta segunda (4)<\/a><em>&nbsp;<\/em><\/p>\n\n\n\n<p>Jornal Uni\u00e3o: <a href=\"https:\/\/jornaluniao.com.br\/noticias\/londrina\/colegio-da-zona-oeste-tera-debate-sobre-intolerancia-religiosa-nesta-segunda-4\" data-type=\"link\" data-id=\"https:\/\/jornaluniao.com.br\/noticias\/londrina\/colegio-da-zona-oeste-tera-debate-sobre-intolerancia-religiosa-nesta-segunda-4\">Col\u00e9gio da zona oeste ter\u00e1 debate sobre intoler\u00e2ncia religiosa nesta segunda (4) <\/a><\/p>\n\n\n\n<p>Rede Lume:<em> <\/em><a href=\"https:\/\/redelume.com.br\/2022\/09\/16\/cannabis-cura-em-flor-celebra-dois-anos\/\">Cura em Flor celebra dois anos de luta por tratamentos com cannabis no Paran\u00e1 <\/a><em>&nbsp;<\/em><\/p>\n\n\n\n<p>LONDRIX \u2013 Portal da Regi\u00e3o Metropolitana de Londrina: <a href=\"https:\/\/londrix.com.br\/?p=33549\">Debate marca lan\u00e7amento de projeto sobre umbanda<\/a><em>&nbsp;<\/em><\/p>\n\n\n\n<p>Folha de Londrina: <a href=\"https:\/\/www.folhadelondrina.com.br\/folha-2\/debate-marca-lancamento-de-projeto-sobre-a-umbanda-3162998e.html\">Debate marca o lan\u00e7amento de projeto sobre a Umbanda<\/a><em>&nbsp;<\/em><\/p>\n\n\n\n<p>O Londrinense:<em> <\/em><a href=\"https:\/\/olondrinense.com.br\/debate-marca-o-lancamento-de-projeto-sobre-a-umbanda\/\">Debate marca o lan\u00e7amento de projeto sobre a umbanda <\/a><em>&nbsp;<\/em><\/p>\n\n\n\n<p>Portal Verdade: <a href=\"https:\/\/portalverdade.com.br\/documentos-ineditos-que-demonstram-perseguicao-a-juventude-paranaense-durante-ditadura-militar-sao-expostos-na-uel\/\">Documentos in\u00e9ditos que demonstram persegui\u00e7\u00e3o \u00e0 juventude paranaense durante ditadura militar s\u00e3o expostos na UEL <\/a><em>&nbsp;<\/em><\/p>\n\n\n\n<p>Brasil de Fato:<em> <\/em><a href=\"https:\/\/www.brasildefatopr.com.br\/2022\/08\/18\/documentos-ineditos-que-mostram-perseguicao-a-juventude-durante-a-ditadura-sao-expostos-na-uel\">Documentos in\u00e9ditos que mostram persegui\u00e7\u00e3o \u00e0 juventude durante a ditadura s\u00e3o expostos na UEL<\/a><em>&nbsp;<\/em><\/p>\n\n\n\n<p>Portal Verdade:<em> <\/em><a href=\"https:\/\/portalverdade.com.br\/doutora-ya-mukumby-reconhecimento-de-uma-educacao-antirracista\/\">Doutora Y\u00e1 Mukumby: reconhecimento de uma educa\u00e7\u00e3o antirracista <\/a><em>&nbsp;<\/em><\/p>\n\n\n\n<p>R\u00e1dio UEL:<em> <\/em><a href=\"https:\/\/radio.uel.br\/noticias\/revista-do-meio-dia\/revista-do-meio-dia-10\/2022\/08\/11\">Exposi\u00e7\u00e3o &#8216;Juventudes e Participa\u00e7\u00e3o&#8217; <\/a><em>&nbsp;<\/em><\/p>\n\n\n\n<p>Portal Verdade: <a href=\"https:\/\/portalverdade.com.br\/exposicao-na-uel-resgata-documentos-ineditos-do-sni-e-cia-utilizados-para-perseguicao-durante-ditadura-militar\/\">Exposi\u00e7\u00e3o na UEL resgata documentos in\u00e9ditos do SNI e CIA utilizados para persegui\u00e7\u00e3o durante ditadura militar<\/a><em>&nbsp;<\/em><\/p>\n\n\n\n<p>Rede Lume:<em> <\/em><a href=\"https:\/\/redelume.com.br\/2022\/08\/12\/exposicao-na-uel-expoe-arquivos-dos-anos-de-chumbo\/\">Exposi\u00e7\u00e3o sobre direitos humanos na UEL revela arquivos dos \u2018anos de chumbo\u2019<\/a><em>&nbsp;<\/em><\/p>\n\n\n\n<p>Londrina Hoje:<em> <\/em><a href=\"https:\/\/olondrinense.com.br\/exposicao-traz-documentos-ineditos-da-cia-produzidos-no-pr-durante-a-ditadura-militar\/\">Exposi\u00e7\u00e3o traz documentos in\u00e9ditos da CIA produzidos no PR durante a ditadura militar<\/a><em>&nbsp;<\/em><\/p>\n\n\n\n<p>O Perobal: <a href=\"https:\/\/operobal.uel.br\/politica\/2022\/08\/11\/exposicao-traz-documentos-ineditos-da-cia-produzidos-no-pr-durante-a-ditadura-militar\/\">Exposi\u00e7\u00e3o traz documentos in\u00e9ditos da CIA produzidos no PR durante a ditadura militar<\/a><em>&nbsp;<\/em><\/p>\n\n\n\n<p>Paiquer\u00ea: <a href=\"https:\/\/www.paiquere.com.br\/exposicao-traz-documentos-ineditos-da-cia-produzidos-no-pr-durante-a-ditadura-militar\/\">Exposi\u00e7\u00e3o traz documentos in\u00e9ditos da CIA produzidos no PR durante a ditadura militar<\/a><em>&nbsp;<\/em><\/p>\n\n\n\n<p>Rede Lume: <a href=\"https:\/\/redelume.com.br\/2022\/08\/28\/frustrados-e-ressentidos-sao-base-da-extrema-direita\/\">Frustrados e ressentidos s\u00e3o base da extrema direita <\/a><em>&nbsp;<\/em><\/p>\n\n\n\n<p>Tarob\u00e1 News: <a href=\"https:\/\/tarobanews.com\/noticias\/cidade\/lancamento-do-projeto-a-umbanda-na-terra-do-cafe-sera-nesta-quarta-feira-dJMgg.html\">Lan\u00e7amento do Projeto \u201cA Umbanda na Terra do Caf\u00e9\u201d ser\u00e1 nesta quarta-feira<\/a><em>&nbsp;<\/em><\/p>\n\n\n\n<p>O Perobal: <a href=\"https:\/\/operobal.uel.br\/sociedade\/2022\/01\/31\/museu-historico-projeto-sobre-umbanda-em-londrina\/\">Museu Hist\u00f3rico recebe lan\u00e7amento de projeto sobre a umbanda em Londrina <\/a><em>&nbsp;<\/em><\/p>\n\n\n\n<p>Estad\u00e3o: <a href=\"https:\/\/politica.estadao.com.br\/blogs\/fausto-macedo\/ministerios-publicos-estados-estrategia-conjunta-acoes-stf-cargos-comissionados-promotorias-procuradorias\/\">\u2018No Brasil n\u00e3o h\u00e1 democracia por causa da desigualdade\u2019, diz historiador americano<\/a><em>&nbsp;<\/em><\/p>\n\n\n\n<p>R\u00e1dio UEL: <a href=\"https:\/\/radio.uel.br\/wp-content\/uploads\/2022\/08\/24-08-22-CONFERENCIA-UEL-JAMES-GREEN-1-2.mp3\">Pesquisador norte-americano James Green, refer\u00eancia em estudos sobre a ditadura militar no Brasil, faz confer\u00eancia na UEL nesta sexta-feira em evento gratuito e aberto ao p\u00fablico <\/a><em>&nbsp;<\/em><\/p>\n\n\n\n<p>Folha de Londrina: <a href=\"https:\/\/www.folhadelondrina.com.br\/geral\/pesquisadores-da-uel-analisam-arquivos-ineditos-sobre-ditadura-3221999e.html\">Pesquisadores da UEL analisam arquivos in\u00e9ditos sobre ditadura <\/a><em>&nbsp;<\/em><\/p>\n\n\n\n<p>Jornal Uni\u00e3o:<em> <\/em><a href=\"https:\/\/www.jornaluniao.com.br\/noticias\/cultura\/projeto-a-umbanda-na-terra-do-cafe-sera-lancado-nesta-quartafeira-2\/\">Projeto \u201cA Umbanda na Terra do Caf\u00e9\u201d ser\u00e1 lan\u00e7ado nesta quarta-feira (2) <\/a><em>&nbsp;<\/em><\/p>\n\n\n\n<p>O Perobal:<em> <\/em><a href=\"https:\/\/operobal.uel.br\/cultura\/2022\/09\/28\/projeto-de-extensao-organiza-sarau-de-ciencias-sociais-nesta-quarta-28\/\">Projeto de extens\u00e3o organiza Sarau de Ci\u00eancias Sociais nesta quarta (28)<\/a><em>&nbsp;<\/em><\/p>\n\n\n\n<p>Paiquer\u00ea: <a href=\"https:\/\/www.paiquere.com.br\/projeto-sobre-a-umbanda-em-londrina-tem-lancamento-com-debate-no-museu-historico\/\">Projeto sobre a umbanda em Londrina tem lan\u00e7amento com debate no Museu Hist\u00f3rico<\/a><em>&nbsp;<\/em><\/p>\n\n\n\n<p>R\u00e1dio UEL:<a href=\"https:\/\/radio.uel.br\/noticias\/revista-do-meio-dia\/revista-do-meio-dia-32\/2022\/09\/14\">Quarta Cann\u00e1bica Pr\u00e1xis Itinerante UEL<\/a><em>&nbsp;<\/em><\/p>\n\n\n\n<p>Portal Verdade: <a href=\"https:\/\/portalverdade.com.br\/quarta-cannabica-promove-discussoes-sobre-uso-medicinal-da-planta-e-desconstrucao-de-preconceitos-que-dificultam-acesso-ao-tratamento-no-brasil\/\">Quarta Cann\u00e1bica promove discuss\u00f5es sobre uso medicinal da planta e desconstru\u00e7\u00e3o de preconceitos que dificultam acesso ao tratamento no Brasil <\/a><em>&nbsp;<\/em><\/p>\n\n\n\n<p>R\u00e1dio UEL FM:<em> <\/em><a href=\"http:\/\/www.uelfm.uel.br\/audios\/35685-22-06-22_-_I_SEMINARIO_CURA_EM_FLOR_CANNABIS_MEDICINAL.mp3\">Realiza\u00e7\u00e3o do I Semin\u00e1rio Cura em Flor debate uso medicinal da Cannabis promovido pela Associa\u00e7\u00e3o de Apoio \u00e0 Cannabis Medicinal, em parceira com o projeto Pr\u00e1xis Itinerante (UEL)<\/a><em>&nbsp;<\/em><\/p>\n\n\n\n<p>TV UEL: <a href=\"https:\/\/www.youtube.com\/watch?v=ABiOzkJeuOc\">R\u00e9plica da capela na UEL recebe exposi\u00e7\u00e3o sobre a ditadura militar<\/a><em>&nbsp;<\/em><\/p>\n\n\n\n<p>Portal Verdade: <a href=\"https:\/\/portalverdade.com.br\/sarau-de-ciencias-sociais-acontece-nesta-quarta-feira-28-evento-reforca-protagonismo-dos-estudantes\/\">Sarau de Ci\u00eancias Sociais acontece nesta quarta-feira (28); evento refor\u00e7a protagonismo dos estudantes<\/a><em>&nbsp;<\/em><\/p>\n\n\n\n<p>O Perobal: <a href=\"https:\/\/operobal.uel.br\/extensao\/2022\/11\/18\/secundaristas-da-rede-publica-de-rolandia-participam-de-oficinas-do-praxis-itinerante\/\">Secundaristas da rede p\u00fablica de Rol\u00e2ndia participam de oficinas do Pr\u00e1xis Itinerante<\/a><em>&nbsp;<\/em><\/p>\n\n\n\n<p>Londrina Hoje:<em> <\/em><a href=\"https:\/\/londrinahoje.com\/secundaristas-da-rede-publica-de-rolandia-participam-de-oficinas-do-praxis-itinerante\/\">Secundaristas da rede p\u00fablica de Rol\u00e2ndia participam de oficinas do Pr\u00e1xis Itinerante <\/a><em>&nbsp;<\/em><\/p>\n\n\n\n<p>Portal Verdade:<em> <\/em><a href=\"https:\/\/portalverdade.com.br\/titulo-doutora-honoris-causa-e-entrega-a-dona-vilma-nesta-sexta-feira-18\/\">T\u00edtulo Doutora Honoris Causa \u00e9 entregue \u00e0 Dona Vilma nesta sexta-feira (18)<\/a><em>&nbsp;<\/em><\/p>\n\n\n\n<p>TemLondrina: <a href=\"https:\/\/temlondrina.com.br\/cidade\/uel-expoe-documentos-ineditos-da-cia-produzidos-na-ditadura-militar\/\">UEL exp\u00f5e documentos in\u00e9ditos da CIA produzidos na ditadura militar<\/a><em>&nbsp;<\/em><\/p>\n\n\n\n<p>Portal Verdade: <a href=\"https:\/\/portalverdade.com.br\/uel-promove-conferencia-internacional-com-james-green-e-samba-da-democracia-nesta-sexta-feira-26\/\">UEL promove confer\u00eancia internacional com James Green e Samba da Democracia nesta sexta-feira (26)<\/a><em>&nbsp;<\/em><\/p>\n\n\n\n<p>Rede Lume:<em> <\/em><a href=\"https:\/\/redelume.com.br\/2022\/02\/02\/umbanda-na-terra-cafe-resgata-historia\/\">\u2018Umbanda na Terra do Caf\u00e9\u2019 resgata a hist\u00f3ria dos terreiros de Londrina<\/a><em>&nbsp;<\/em><\/p>\n\n\n\n<p>Rede Lume: <a href=\"https:\/\/redelume.com.br\/2021\/09\/02\/curso-da-uel-traz-pe-julio-lancellotti\/\">Curso da UEL sobre desigualdades sociais traz Pe. Julio Lancellotti<\/a><em>&nbsp;<\/em><\/p>\n\n\n\n<p>O Perobal:<em> <\/em><a href=\"https:\/\/operobal.uel.br\/sociedade\/2021\/09\/17\/desigualdade-social-e-populacao-trans-sao-temas-do-sextou-sociologico\/\">Desigualdade social e popula\u00e7\u00e3o trans s\u00e3o temas do \u201cSextou Sociol\u00f3gico\u201d <\/a><em>&nbsp;<\/em><\/p>\n\n\n\n<p>O Londrinense: <a href=\"https:\/\/olondrinense.com.br\/desigualdade-social-e-populacao-trans-sao-temas-do-sextou-sociologico\/\">Desigualdade social e popula\u00e7\u00e3o trans s\u00e3o temas do \u201cSextou Sociol\u00f3gico\u201d<\/a><em>&nbsp;<\/em><\/p>\n\n\n\n<p>Londrina Hoje:<em> <\/em><a href=\"https:\/\/londrinahoje.com\/desigualdade-social-e-populacao-trans-sao-temas-do-sextou-sociologico\/\">Desigualdade social e popula\u00e7\u00e3o trans s\u00e3o temas do \u201cSextou Sociol\u00f3gico\u201d<\/a><em>&nbsp;<\/em><\/p>\n\n\n\n<p>Londrina Hoje: <a href=\"https:\/\/londrinahoje.com\/desigualdade-social-e-questao-agraria-sao-temas-de-debate-do-projeto-sextou-sociologico\/\">Desigualdade social e quest\u00e3o agr\u00e1ria s\u00e3o temas de debate do projeto \u201cSextou Sociol\u00f3gico\u201d<\/a><em>&nbsp;<\/em><\/p>\n\n\n\n<p>O Bonde: <a href=\"https:\/\/www.bonde.com.br\/educacao\/noticias\/desigualdade-social-e-tema-de-encontros-do-sextou-sociologico-da-uel-544289.html\">Desigualdade social \u00e9 tema de encontros do &#8216;Sextou Sociol\u00f3gico\u201d da UEL<\/a><em>&nbsp;<\/em><\/p>\n\n\n\n<p>R\u00e1dio UEL: <a href=\"http:\/\/www.uelfm.uel.br\/audios\/34316-08-10-2021_-_SEXTOU_SOCIOLOGICO.mp3\">Desigualdade social, quest\u00e3o agr\u00e1ria e movimentos sociais no Brasil. Tema de hoje do Sextou Sociol\u00f3gico<\/a><em>&nbsp;<\/em><\/p>\n\n\n\n<p>R\u00e1dio UEL:<em> <\/em><a href=\"http:\/\/www.uelfm.uel.br\/audios\/34006-03-09-2021_-_REVISTA_DO_MEIO-DIA_(1).mp3\">&#8216;Desigualdades sociais e a popula\u00e7\u00e3o em situa\u00e7\u00e3o de rua\u201d \u00e9 tema do Sextou Sociol\u00f3gico hoje (3). Debate virtual traz Padre J\u00falio Lancellotti e convidados<\/a><em>&nbsp;<\/em><\/p>\n\n\n\n<p>Londrina Hoje: <a href=\"https:\/\/londrinahoje.com\/edicao-do-sextou-sociologico-debate-desigualdade-e-movimentos-sociais\/\">Edi\u00e7\u00e3o do \u201cSextou Sociol\u00f3gico\u201d debate desigualdade e movimentos sociais <\/a><em>&nbsp;<\/em><\/p>\n\n\n\n<p>O Perobal:<em> <\/em><a href=\"https:\/\/operobal.uel.br\/sociedade\/2021\/11\/12\/sextou-sociologico-desigualdade-movimentos-social-com-convidados\/\">Edi\u00e7\u00e3o do \u201cSextou Sociol\u00f3gico\u201d debate desigualdade e movimentos sociais<\/a><em>&nbsp;<\/em><\/p>\n\n\n\n<p>O Bonde: <a href=\"https:\/\/www.bonde.com.br\/educacao\/h\">Evento \u201cSextou Sociol\u00f3gico\u201d ter\u00e1 debate com Padre J\u00falio Lancellotti <\/a><em>&nbsp;<\/em><\/p>\n\n\n\n<p>O Perobal: <a href=\"https:\/\/operobal.uel.br\/clch\/2021\/09\/10\/uel-religiao-e-sociedade-no-mundo-pos-pandemico\/\">Eventos debatem religi\u00e3o e sociedade no mundo p\u00f3s-pand\u00eamico<\/a><em>&nbsp;<\/em><\/p>\n\n\n\n<p>R\u00e1dio UEL: <a href=\"http:\/\/www.uel.br\/uelfm\/audios\/33942-27-08-2021_-_PRAXIS_ITINERANTE.mp3\">Mulher em situa\u00e7\u00e3o de rua, arcebispo de Londrina e promotora hoje no Sextou Sociol\u00f3gico, pelo projeto Pr\u00e1xis Itinerante UEL<\/a><em>&nbsp;<\/em><\/p>\n\n\n\n<p>Tarob\u00e1 News:<em> <\/em><a href=\"https:\/\/tarobanews.com\/entretenimento\/comportamento\/programacao-do-sextou-sociologico-tem-debate-com-padre-julio-lancellotti-LXmG7.html\">Programa\u00e7\u00e3o do \u201cSextou Sociol\u00f3gico\u201d tem debate com Padre Julio Lancellotti <\/a><em>&nbsp;<\/em><\/p>\n\n\n\n<p>O Perobal: <a href=\"https:\/\/operobal.uel.br\/sociedade\/2021\/09\/02\/sextou-sociologico-padre-julio-lancellotti-e-convidados\/\">Programa\u00e7\u00e3o do \u201cSextou Sociol\u00f3gico\u201d tem debate com Padre Julio Lancellotti e convidados<\/a><em>&nbsp;<\/em><\/p>\n\n\n\n<p>Londrina Hoje: <a href=\"https:\/\/londrinahoje.com\/programacao-do-sextou-sociologico-tem-debate-com-padre-julio-lancellotti-e-convidados\/\">Programa\u00e7\u00e3o do \u201cSextou Sociol\u00f3gico\u201d tem debate com Padre Julio Lancellotti e convidados<\/a><em>&nbsp;<\/em><\/p>\n\n\n\n<p>R\u00e1dio UEL: <a href=\"http:\/\/www.uelfm.uel.br\/audios\/33876-20-08-2021_-_POPULACAO_SITUACAO_DE_RUA.mp3\">Projeto \u201cSextou Sociol\u00f3gico\u201d debate desigualdade social e popula\u00e7\u00e3o em situa\u00e7\u00e3o de rua no Brasil. Encontro ser\u00e1 no canal Pr\u00e1xis Itinerante UEL no YouTube<\/a><em>&nbsp;<\/em><\/p>\n\n\n\n<p>Folha de Londrina:<em> <\/em><a href=\"https:\/\/www.folhadelondrina.com.br\/folha-2\/projeto-sextou-sociologico-promove-debate-virtual-nesta-sexta-feira-19-3132647e.html\">Projeto Sextou Sociol\u00f3gico Promove Debate Virtual nesta sexta feita (19)<\/a><em>&nbsp;<\/em><\/p>\n\n\n\n<p>Folha de Londrina:<em> <\/em><a href=\"https:\/\/www.folhadelondrina.com.br\/cidades\/quem-faz-a-boa-para-quem-esta-na-rua-3067806e.html?d=1\">Quem &#8216;Faz a Boa&#8217; para quem est\u00e1 na rua? <\/a><em>&nbsp;<\/em><\/p>\n\n\n\n<p>O Bonde:<a href=\"https:\/\/www.bonde.com.br\/educacao\/noticias\/sextou-sociologico-desta-semana-debate-desigualdade-e-movimentos-sociais\">\u201cSextou Sociol\u00f3gico\u201d desta semana debate desigualdade e movimentos sociais <\/a><em>&nbsp;<\/em><\/p>\n\n\n\n<p>R\u00e1dio UEL: <a href=\"http:\/\/www.uel.br\/uelfm\/audios\/34589-19-11-2021_-_SEXTOU_SOCIOLOGICO.mp3\">Sextou Sociol\u00f3gico encerra programa\u00e7\u00e3o do ano com discuss\u00e3o sobre desigualdades sociais e intoler\u00e2ncia religiosa <\/a><em>&nbsp;<\/em><\/p>\n\n\n\n<p>O Bonde: <a href=\"https:\/\/www.bonde.com.br\/educacao\/noticias\/sextou-sociologico-projeto-da-uel-reune-artistas-e-pesquisadores-em-encontro-de-extensao-532528.html\">&#8216;Sextou Sociol\u00f3gico&#8217;: Projeto da UEL re\u00fane artistas e pesquisadores em encontro de extens\u00e3o<\/a><em>&nbsp;<\/em><\/p>\n\n\n\n<p>O Bonde: <a href=\"https:\/\/www.bonde.com.br\/educacao\/sextou-sociologico-promove-segundo-debate-sobre-desigualdade-social\">\u201cSextou Sociol\u00f3gico\u201d promove segundo debate sobre desigualdade social <\/a><em>&nbsp;<\/em><\/p>\n\n\n\n<p>O Perobal: <a href=\"https:\/\/operobal.uel.br\/sociedade\/2021\/02\/12\/encontro-sociologico-artistas-e-extensao\/\">\u201cSextou Sociol\u00f3gico\u201d re\u00fane artistas e pesquisadores em encontro de extens\u00e3o<\/a><em>&nbsp;<\/em><\/p>\n\n\n\n<p>Londrina Hoje: <a href=\"https:\/\/londrinahoje.com\/sextou-sociologico-reune-convidados-de-londrina-em-debate-sobre-desigualdade-social\/\">\u201cSextou Sociol\u00f3gico\u201d re\u00fane convidados de Londrina em debate sobre desigualdade social<\/a><em>&nbsp;<\/em><\/p>\n\n\n\n<p>O Perobal: <a href=\"https:\/\/operobal.uel.br\/sociedade\/2021\/08\/27\/sextou-ebate-desigualdade-social\/\">\u201cSextou Sociol\u00f3gico\u201d re\u00fane convidados de Londrina em debate sobre desigualdade social <\/a><em>&nbsp;<\/em><\/p>\n\n\n\n<p>Rede Lume:<em> <\/em><a href=\"https:\/\/redelume.com.br\/2021\/08\/19\/sextou-sociologico-debate-desigualdade\/\">Sextou Sociol\u00f3gico vai debater as desigualdades sociais em curso online<\/a><em>&nbsp;<\/em><\/p>\n\n\n\n<p> Ag\u00eancia Estadual de Not\u00edcias: <a href=\"https:\/\/www.aen.pr.gov.br\/modules\/noticias\/article.php?storyid=114677&amp;tit=UEL-retoma-projeto-que-debate-as-desigualdades-sociais\">UEL retoma projeto que debate as desigualdades sociais<\/a><em>&nbsp;<\/em><\/p>\n\n\n\n<p>Tarob\u00e1 News:<em> <\/em><a href=\"https:\/\/tarobanews.com\/noticias\/educacao\/uel-retoma-projeto-que-debate-as-desigualdades-sociais-7Lo89.html\">UEL retoma projeto que debate as desigualdades sociais<\/a><em>&nbsp;<\/em><\/p>\n\n\n\n<p>Paiquer\u00ea: <a href=\"https:\/\/www.paiquere.com.br\/uel-retoma-projeto-que-debate-as-desigualdades-sociais\/\">UEL retoma projeto que debate as desigualdades sociais<\/a><em>&nbsp;<\/em><\/p>\n\n\n\n<p>O Perobal: <a href=\"https:\/\/operobal.uel.br\/extensao\/2021\/11\/19\/ultimo-sextou-sociologico-debate-desigualdades-sociais-intolerancia-religiosa\/\">\u00daltimo encontro do \u201cSextou Sociol\u00f3gico\u201d debate desigualdades sociais e intoler\u00e2ncia religiosa <\/a><em>&nbsp;<\/em><\/p>\n\n\n\n<p>Londrina Hoje: <a href=\"https:\/\/londrinahoje.com\/ultimo-encontro-do-sextou-sociologico-debate-desigualdades-sociais-e-intolerancia-religiosa\/\">\u00daltimo encontro do \u201cSextou Sociol\u00f3gico\u201d debate desigualdades sociais e intoler\u00e2ncia religiosa <\/a><em>&nbsp;<\/em><\/p>\n\n\n\n<p>O Bonde:<em> <\/em><a href=\"https:\/\/www.bonde.com.br\/educacao\/noticias\/ultimo-encontro-do-sextou-sociologico-debate-desigualdades-sociais-e-intolerancia-religiosa\">\u00daltimo encontro do \u201cSextou Sociol\u00f3gico\u201d debate desigualdades sociais e intoler\u00e2ncia religiosa<\/a><em>&nbsp;<\/em><\/p>\n\n\n\n<p>Rede Lume:<em> <\/em><a href=\"https:\/\/redelume.com.br\/2020\/11\/08\/candidatos-a-prefeito-sao-convidados-a-assumir-compromissos-com-a-populacao-de-rua\/\">Candidatos a prefeito s\u00e3o convidados a assumir compromissos com a popula\u00e7\u00e3o de rua<\/a><em>&nbsp;<\/em><\/p>\n\n\n\n<p>Rede Lume:<em> <\/em><a href=\"https:\/\/rededejornalistas.com\/2020\/11\/10\/conheca-as-propostas-dos-candidatos-a-prefeito-para-a-populacao-de-rua\/\">Conhe\u00e7a as propostas dos candidatos a prefeito para a popula\u00e7\u00e3o de rua<\/a><em>&nbsp;<\/em><\/p>\n\n\n\n<p>R\u00e1dio UEL:<em> <\/em><a href=\"http:\/\/www.uelfm.uel.br\/arquivo.php?id=19671\">Experi\u00eancias e novas perspectivas para a popula\u00e7\u00e3o em situa\u00e7\u00e3o de rua<\/a><em>&nbsp;<\/em><\/p>\n\n\n\n<p>Tarob\u00e1:<em> <\/em><a href=\"https:\/\/tarobanews.com\/noticias\/parana\/projeto-da-uel-apoia-arrecadacao-de-material-escolar-no-vista-bela-jP35v.html\">Projeto da UEL apoia arrecada\u00e7\u00e3o de material escolar no Vista Bela<\/a><em>&nbsp;<\/em><\/p>\n\n\n\n<p>Ag\u00eancia UEL de Not\u00edcias:<em> <\/em><a href=\"http:\/\/www.uel.br\/com\/agenciaueldenoticias\/index.php?arq=ARQ_not&amp;FWS_Ano_Edicao=1&amp;FWS_N_Edicao=1&amp;FWS_N_Texto=29928&amp;FWS_Cod_Categoria=2\">Projeto da UEL apoia arrecada\u00e7\u00e3o de material escolar no Vista Bela<\/a><em>&nbsp;<\/em><\/p>\n\n\n\n<p>Tarob\u00e1:<em> <\/em><a href=\"https:\/\/tarobanews.com\/noticias\/cidade\/seminario-em-londrina-destaca-o-situacao-de-populacao-de-rua-nesta-segunda-3a3Y2.html\">Semin\u00e1rio em Londrina destaca o situa\u00e7\u00e3o de popula\u00e7\u00e3o de rua nesta segunda <\/a><em>&nbsp;<\/em><\/p>\n\n\n\n<p>O Perobal: <a href=\"https:\/\/operobal.uel.br\/extensao\/2020\/12\/04\/seminario-destaca-o-tema-pessoas-em-situacao-de-rua\/#:~:text=situa%C3%A7%C3%A3o%20de%20rua-,Semin%C3%A1rio%20Pr%C3%A1xis%20Itinerante%20POP%20RUA%202020%20destaca%20o%20tema%20pessoas,de%20sa%C3%BAde%20e%20direitos%20humanos\">Semin\u00e1rio Pr\u00e1xis Itinerante POP RUA 2020 destaca o tema pessoas em situa\u00e7\u00e3o de rua<\/a><em>.&nbsp;<\/em><\/p>\n\n\n\n<p>Ag\u00eancia UEL de Not\u00edcias:<em> <\/em><a href=\"http:\/\/www.uel.br\/com\/agenciaueldenoticias\/index.php?arq=ARQ_not&amp;FWS_Ano_Edicao=1&amp;FWS_N_Edicao=1&amp;FWS_N_Texto=30050&amp;FWS_Cod_Categoria=2\">4\u00b0 Sarauzinho do CCH traz m\u00fasica, arte e informa\u00e7\u00e3o ao Campus<\/a><em>&nbsp;<\/em><\/p>\n\n\n\n<p>R\u00e1dio UEL: <a href=\"http:\/\/www.uelfm.uel.br\/arquivo.php?id=18861\">Modos de Vida &#8211; Comportamento e Cultura<\/a><em>&nbsp;<\/em><\/p>\n\n\n\n<p>Ag\u00eancia UEL de Not\u00edcias: <a href=\"http:\/\/www.uel.br\/com\/agenciaueldenoticias\/index.php?arq=ARQ_not&amp;id=28373\">Pesquisa conjunta tra\u00e7a perfil dos moradores de rua de Londrina <\/a><em>&nbsp;<\/em><\/p>\n\n\n\n<p>Ag\u00eancia UEL de Not\u00edcias:<em> <\/em><a href=\"http:\/\/www.uel.br\/com\/agenciaueldenoticias\/index.php?arq=ARQ_not&amp;FWS_Ano_Edicao=1&amp;FWS_N_Edicao=1&amp;FWS_N_Texto=29330&amp;FWS_Cod_Categoria=2\">Pesquisa da UEL servir\u00e1 de base para levantamento em Curitiba <\/a><em>&nbsp;<\/em><\/p>\n\n\n\n<p>Paiquer\u00ea: <a href=\"https:\/\/www.paiquere.com.br\/pesquisa-mostra-que-londrina-tem-quase-mil-moradores-de-rua\/\">Pesquisa mostra que Londrina tem quase mil moradores de rua<\/a><em>&nbsp;<\/em><\/p>\n\n\n\n<p>Paiquer\u00ea: <a href=\"https:\/\/www.paiquere.com.br\/pesquisa-mostra-que-londrina-tem-quase-mil-moradores-de-rua\/\">Pesquisa POP Rua<\/a><em>&nbsp;<\/em><\/p>\n\n\n\n<p>Ag\u00eancia UEL de Not\u00edcias:<em> <\/em><a href=\"http:\/\/www.uel.br\/com\/agenciaueldenoticias\/index.php?arq=ARQ_not&amp;id=28041\">Sarauzinho leva arte, m\u00fasica e poesia ao Campus Universit\u00e1rio<\/a><em>&nbsp;<\/em><\/p>\n\n\n\n<p>Ag\u00eancia UEL de Not\u00edcias:<em> <\/em><a href=\"http:\/\/www.uel.br\/com\/agenciaueldenoticias\/index.php?arq=ARQ_not&amp;id=28075\">Sarauzinho 2019 re\u00fane alunos e leva arte, m\u00fasica e poesia ao CCH<\/a><em>&nbsp;<\/em><\/p>\n\n\n\n<p>Ag\u00eancia UEL de Not\u00edcias:<em> <\/em><a href=\"http:\/\/www.uel.br\/com\/agenciaueldenoticias\/index.php?arq=ARQ_not&amp;FWS_Ano_Edicao=1&amp;FWS_N_Edicao=1&amp;FWS_N_Texto=27065&amp;FWS_Cod_Categoria=2\">Integrantes do Projeto Pr\u00e1xis realizam interven\u00e7\u00e3o no Vista Bela<\/a><em>&nbsp;<\/em><\/p>\n\n\n\n<p>Ag\u00eancia UEL de Not\u00edcias: <a href=\"http:\/\/www.uel.br\/com\/agenciaueldenoticias\/index.php?arq=ARQ_not&amp;FWS_Ano_Edicao=1&amp;FWS_N_Edicao=1&amp;FWS_N_Texto=26996&amp;FWS_Cod_Categoria=2\">Jess\u00e9 Souza ministra palestra dia 17 em Londrina<\/a><em>&nbsp;<\/em><\/p>\n\n\n\n<p>Ag\u00eancia UEL de Not\u00edcias:<em> <\/em><a href=\"http:\/\/www.uel.br\/com\/agenciaueldenoticias\/index.php?arq=ARQ_not&amp;FWS_Ano_Edicao=1&amp;FWS_N_Edicao=1&amp;FWS_N_Texto=27058&amp;FWS_Cod_Categoria=2\">Palestra de Jess\u00e9 Souza re\u00fane p\u00fablico de 600 pessoas<\/a><em>&nbsp;<\/em><\/p>\n\n\n\n<p>Ag\u00eancia UEL de Not\u00edcias:<em> <\/em><a href=\"http:\/\/www.uel.br\/com\/agenciaueldenoticias\/index.php?arq=ARQ_not&amp;FWS_Ano_Edicao=1&amp;FWS_N_Edicao=1&amp;FWS_N_Texto=27169&amp;FWS_Cod_Categoria=2\">Pesquisa tra\u00e7a perfil dos moradores de rua de Londrina<\/a><em>&nbsp;<\/em><\/p>\n\n\n\n<p>Ag\u00eancia UEL de Not\u00edcias:<em> <\/em><a href=\"http:\/\/www.uel.br\/com\/agenciaueldenoticias\/index.php?arq=ARQ_not&amp;FWS_Ano_Edicao=1&amp;FWS_N_Edicao=1&amp;FWS_N_Texto=26974&amp;FWS_Cod_Categoria=2\">Soci\u00f3logo Jess\u00e9 Souza ministra palestra dia 17 no Teatro Ouro Verde<\/a><em>&nbsp;<\/em><\/p>\n","protected":false},"excerpt":{"rendered":"<p>Entrevistas, mesas redondas, programas e coment\u00e1rios na m\u00eddia De 2018 a 2025 Portal Verdade: Cursinho pr\u00e9-vestibular abre inscri\u00e7\u00f5es para simulado gratuito da UEL Portal Verdade: Vestibular UEL: Projeto Pr\u00e1xis Itinerante oferece Cursinho Popular na regi\u00e3o Sul de Londrina Portal Verdade: Em parceria com CEPV, Pr\u00e1xis Itinerante promove atividades interdisciplinares em col\u00e9gios da zona Sul de [&hellip;]<\/p>\n","protected":false},"author":12,"featured_media":0,"parent":0,"menu_order":0,"comment_status":"closed","ping_status":"closed","template":"","meta":{"_acf_changed":false,"footnotes":""},"class_list":["post-1210","page","type-page","status-publish","hentry"],"acf":[],"_links":{"self":[{"href":"https:\/\/projetos.uel.br\/praxis\/wp-json\/wp\/v2\/pages\/1210","targetHints":{"allow":["GET"]}}],"collection":[{"href":"https:\/\/projetos.uel.br\/praxis\/wp-json\/wp\/v2\/pages"}],"about":[{"href":"https:\/\/projetos.uel.br\/praxis\/wp-json\/wp\/v2\/types\/page"}],"author":[{"embeddable":true,"href":"https:\/\/projetos.uel.br\/praxis\/wp-json\/wp\/v2\/users\/12"}],"replies":[{"embeddable":true,"href":"https:\/\/projetos.uel.br\/praxis\/wp-json\/wp\/v2\/comments?post=1210"}],"version-history":[{"count":16,"href":"https:\/\/projetos.uel.br\/praxis\/wp-json\/wp\/v2\/pages\/1210\/revisions"}],"predecessor-version":[{"id":1257,"href":"https:\/\/projetos.uel.br\/praxis\/wp-json\/wp\/v2\/pages\/1210\/revisions\/1257"}],"wp:attachment":[{"href":"https:\/\/projetos.uel.br\/praxis\/wp-json\/wp\/v2\/media?parent=1210"}],"curies":[{"name":"wp","href":"https:\/\/api.w.org\/{rel}","templated":true}]}}