{"id":842,"date":"2025-07-31T18:30:00","date_gmt":"2025-07-31T21:30:00","guid":{"rendered":"https:\/\/projetos.uel.br\/ontemehoje\/?page_id=842"},"modified":"2025-10-03T17:35:22","modified_gmt":"2025-10-03T20:35:22","slug":"teste","status":"publish","type":"page","link":"https:\/\/projetos.uel.br\/ontemehoje\/teste\/","title":{"rendered":"Nosso olhar"},"content":{"rendered":"\n<style>\n  .mosaico-grid {\n    display: grid;\n    grid-template-columns: repeat(auto-fill, minmax(160px, 1fr));\n  }\n\n  .mosaico-item {\n    position: relative;\n    cursor: pointer;\n    aspect-ratio: 1 \/ 1;\n    overflow: hidden;\n  }\n\n  .mosaico-item img {\n    position: absolute;\n    width: 100%;\n    height: 100%;\n    object-fit: cover;\n    border-radius: 0;\n  }\n\n  .mosaico-caption {\n    position: absolute;\n    bottom: 0;\n    background: rgba(0,0,0,0.6);\n    color: white;\n    width: 100%;\n    text-align: center;\n    font-size: 14px;\n    opacity: 0;\n    transition: opacity 0.3s;\n    padding: 5px 0;\n  }\n\n  .mosaico-item:hover .mosaico-caption {\n    opacity: 1;\n  }\n\n  .mosaico-caption .titulo {\n    font-weight: bold;\n    display: block;\n  }\n\n  .mosaico-caption .autor {\n    font-size: 0.9em;\n    display: block;\n  }\n\n  \/* MODAL *\/\n  .modal-mosaico {\n    display: none;\n    position: fixed;\n    z-index: 9999;\n    left: 0; top: 0;\n    width: 100%; height: 100%;\n    background-color: rgba(0,0,0,0.8);\n    justify-content: center;\n    align-items: center;\n  }\n\n  .modal-content-mosaico {\n    background: white;\n    padding: 0;\n    max-width: 90vw;\n    max-height: 90vh;\n    text-align: center;\n    border-radius: 8px;\n    position: relative;\n    overflow: auto;\n  }\n\n  .modal-content-mosaico img {\n    max-width: 100%;\n    max-height: 70vh;\n    border-radius: 0 0 8px 8px;\n  }\n\n  .close-modal {\n    position: absolute;\n    top: 8px;\n    right: 14px;\n    font-size: 25px;\n    cursor: pointer;\n    color: white;\n    z-index: 10000;\n  }\n\n  .modal-header-mosaico {\n  background: #006400; \n  color: white;\n  padding: 15px 15px;\n  border-radius: 8px 8px 0 0;\n  text-align: center;\n}\n\n  #modalTitulo {\n    font-size: 18px;\n    font-weight: bold;\n    margin: 0;\n    background: transparent !important;\n  }\n\n  #modalAutor {\n    font-size: 18px;\n    margin: 0;\n  }\n<\/style>\n\n<div class=\"mosaico-grid\">\n  <div class=\"mosaico-item\" onclick=\"abrirModal(\n    'https:\/\/projetos.uel.br\/ontemehoje\/wp-content\/uploads\/2025\/09\/PERSPECTIVA-FOTO-01-PEDRO-R.-SINCRONIA-scaled.jpg',\n    'Sincronia',\n    'Pedro Rodrigues')\">\n    <img decoding=\"async\" src=\"https:\/\/projetos.uel.br\/ontemehoje\/wp-content\/uploads\/2025\/09\/PERSPECTIVA-FOTO-01-PEDRO-R.-SINCRONIA-scaled.jpg\" alt=\"Imagem 1\">\n    <div class=\"mosaico-caption\">\n      <span class=\"titulo\">&#8220;Sincronia&#8221;<\/span>\n      <span class=\"autor\">Pedro Rodrigues<\/span>\n    <\/div>\n  <\/div>\n\n  <div class=\"mosaico-item\" onclick=\"abrirModal(\n    'https:\/\/projetos.uel.br\/ontemehoje\/wp-content\/uploads\/2025\/09\/PERSPECTIVA-FOTO-01-VALENTINA-OLIVEIRA-_-Dos-pequenos-mundos-as-grandes-historias-__.jpg',\n    'Dos pequenos mundos \u00e0s grandes hist\u00f3rias',\n    'Valentina Oliveira')\">\n    <img decoding=\"async\" src=\"https:\/\/projetos.uel.br\/ontemehoje\/wp-content\/uploads\/2025\/09\/PERSPECTIVA-FOTO-01-VALENTINA-OLIVEIRA-_-Dos-pequenos-mundos-as-grandes-historias-__.jpg\" alt=\"Imagem 2\">\n    <div class=\"mosaico-caption\">\n      <span class=\"titulo\">&#8220;Dos pequenos mundos \u00e0s grandes hist\u00f3rias&#8221;<\/span>\n      <span class=\"autor\">Valentina Oliveira<\/span>\n    <\/div>\n  <\/div>\n\n  <div class=\"mosaico-item\" onclick=\"abrirModal(\n    'https:\/\/projetos.uel.br\/ontemehoje\/wp-content\/uploads\/2025\/09\/PERSPECTIVA-FOTO-02-PEDRO-R.-DESCENTRALIZACAO-scaled.jpg',\n    'Descentraliza\u00e7\u00e3o',\n    'Pedro Rodrigues')\">\n    <img decoding=\"async\" src=\"https:\/\/projetos.uel.br\/ontemehoje\/wp-content\/uploads\/2025\/09\/PERSPECTIVA-FOTO-02-PEDRO-R.-DESCENTRALIZACAO-scaled.jpg\" alt=\"Imagem 3\">\n    <div class=\"mosaico-caption\">\n      <span class=\"titulo\">&#8220;Descentraliza\u00e7\u00e3o&#8221;<\/span>\n      <span class=\"autor\">Pedro Rodrigues<\/span>\n    <\/div>\n  <\/div>\n\n  <div class=\"mosaico-item\" onclick=\"abrirModal(\n    'https:\/\/projetos.uel.br\/ontemehoje\/wp-content\/uploads\/2025\/09\/PERSPECTIVA-FOTO-03-WILLIAN-AUGUSTO-DETRAS-DOS-OCULOS-ESCUROS-scaled.jpg',\n    'Detr\u00e1s dos \u00f3culos escuros',\n    'Willian Augusto da Silva')\">\n    <img decoding=\"async\" src=\"https:\/\/projetos.uel.br\/ontemehoje\/wp-content\/uploads\/2025\/09\/PERSPECTIVA-FOTO-03-WILLIAN-AUGUSTO-DETRAS-DOS-OCULOS-ESCUROS-scaled.jpg\" alt=\"Imagem 4\">\n    <div class=\"mosaico-caption\">\n      <span class=\"titulo\">&#8220;Detr\u00e1s dos \u00f3culos escuros&#8221;<\/span>\n      <span class=\"autor\">Willian Augusto da Silva<\/span>\n    <\/div>\n  <\/div>\n\n  <div class=\"mosaico-item\" onclick=\"abrirModal(\n    'https:\/\/projetos.uel.br\/ontemehoje\/wp-content\/uploads\/2025\/09\/PERSPECTIVA-FOTO-04-LUIZA-GARCIA-ENTRE-OS-FIOS-DA-ESQUINA.jpg',\n    'Entre os fios da esquina',\n    'Maria Luiza Garcia')\">\n    <img decoding=\"async\" src=\"https:\/\/projetos.uel.br\/ontemehoje\/wp-content\/uploads\/2025\/09\/PERSPECTIVA-FOTO-04-LUIZA-GARCIA-ENTRE-OS-FIOS-DA-ESQUINA.jpg\" alt=\"Imagem 5\">\n    <div class=\"mosaico-caption\">\n      <span class=\"titulo\">&#8220;Entre os fios da esquina&#8221;<\/span>\n      <span class=\"autor\">Maria Luiza Garcia<\/span>\n    <\/div>\n  <\/div>\n\n  <div class=\"mosaico-item\" onclick=\"abrirModal(\n    'https:\/\/projetos.uel.br\/ontemehoje\/wp-content\/uploads\/2025\/09\/PERSPECTIVA-FOTO-5-MATHEUS-BARREIRA-OLHAR-DE-BAIXO-scaled.jpg',\n    'Olhar de baixo',\n    'Matheus Barreira')\">\n    <img decoding=\"async\" src=\"https:\/\/projetos.uel.br\/ontemehoje\/wp-content\/uploads\/2025\/09\/PERSPECTIVA-FOTO-5-MATHEUS-BARREIRA-OLHAR-DE-BAIXO-scaled.jpg\" alt=\"Imagem 6\">\n    <div class=\"mosaico-caption\">\n      <span class=\"titulo\">&#8220;Olhar de baixo&#8221;<\/span>\n      <span class=\"autor\">Matheus Barreira<\/span>\n    <\/div>\n  <\/div>\n\n  <div class=\"mosaico-item\" onclick=\"abrirModal(\n    'https:\/\/projetos.uel.br\/ontemehoje\/wp-content\/uploads\/2025\/09\/PERSPECTIVA-FOTO-8-GUILHERME-DELIBERALI-PASSEIO-NO-CENTRO-1.jpeg',\n    'Passeio no Centro',\n    'Guilherme Thomazini')\">\n    <img decoding=\"async\" src=\"https:\/\/projetos.uel.br\/ontemehoje\/wp-content\/uploads\/2025\/09\/PERSPECTIVA-FOTO-8-GUILHERME-DELIBERALI-PASSEIO-NO-CENTRO-1.jpeg\" alt=\"Imagem 7\">\n    <div class=\"mosaico-caption\">\n      <span class=\"titulo\">&#8220;Passeio no Centro&#8221;<\/span>\n      <span class=\"autor\">Guilherme Thomazini<\/span>\n    <\/div>\n  <\/div>\n\n  <div class=\"mosaico-item\" onclick=\"abrirModal(\n    'https:\/\/projetos.uel.br\/ontemehoje\/wp-content\/uploads\/2025\/09\/PERSPECTIVA-FOTO-9-REBECA-MERCURI-MOVIMENTO-DA-CIDADE-.jpeg',\n    'Movimento da cidade',\n    'Rebeca Mercuri')\">\n    <img decoding=\"async\" src=\"https:\/\/projetos.uel.br\/ontemehoje\/wp-content\/uploads\/2025\/09\/PERSPECTIVA-FOTO-9-REBECA-MERCURI-MOVIMENTO-DA-CIDADE-.jpeg\" alt=\"Imagem 8\">\n    <div class=\"mosaico-caption\">\n      <span class=\"titulo\">&#8220;Movimento da cidade&#8221;<\/span>\n      <span class=\"autor\">Rebeca Mercuri<\/span>\n    <\/div>\n  <\/div>\n\n  <div class=\"mosaico-item\" onclick=\"abrirModal(\n    'https:\/\/projetos.uel.br\/ontemehoje\/wp-content\/uploads\/2025\/09\/PERSPECTIVA-FOTO-13-CLARA-BORBALAN-ESQUINA-DA-MODA.jpeg',\n    'Esquina da moda',\n    'Clara Borbalan')\">\n    <img decoding=\"async\" src=\"https:\/\/projetos.uel.br\/ontemehoje\/wp-content\/uploads\/2025\/09\/PERSPECTIVA-FOTO-13-CLARA-BORBALAN-ESQUINA-DA-MODA.jpeg\" alt=\"Imagem 9\">\n    <div class=\"mosaico-caption\">\n      <span class=\"titulo\">&#8220;Esquina da moda&#8221;<\/span>\n      <span class=\"autor\">Clara Borbalan<\/span>\n    <\/div>\n  <\/div>\n\n  <div class=\"mosaico-item\" onclick=\"abrirModal(\n    'https:\/\/projetos.uel.br\/ontemehoje\/wp-content\/uploads\/2025\/09\/PERSPECTIVA-FOTO-14-GUILHERME-DELIBERALI-Rua-tranquila.jpg',\n    'Rua tranquila',\n    'Guilherme Thomazini')\">\n    <img decoding=\"async\" src=\"https:\/\/projetos.uel.br\/ontemehoje\/wp-content\/uploads\/2025\/09\/PERSPECTIVA-FOTO-14-GUILHERME-DELIBERALI-Rua-tranquila.jpg\" alt=\"Imagem 10\">\n    <div class=\"mosaico-caption\">\n      <span class=\"titulo\">&#8220;Rua tranquila&#8221;<\/span>\n      <span class=\"autor\">Guilherme Thomazini<\/span>\n    <\/div>\n  <\/div>\n\n    <div class=\"mosaico-item\" onclick=\"abrirModal(\n    'https:\/\/projetos.uel.br\/ontemehoje\/wp-content\/uploads\/2025\/09\/PERSPECTIVA-FOTO-14-HENRIQUE-PEREIRA-Paco-no-Passado-Negocios-no-Presente.jpg',\n    'Pa\u00e7o no Passado, Neg\u00f3cios no Presente',\n    'Henrique Pereira')\">\n    <img decoding=\"async\" src=\"https:\/\/projetos.uel.br\/ontemehoje\/wp-content\/uploads\/2025\/09\/PERSPECTIVA-FOTO-14-HENRIQUE-PEREIRA-Paco-no-Passado-Negocios-no-Presente.jpg\" alt=\"Imagem 11\">\n    <div class=\"mosaico-caption\">\n      <span class=\"titulo\">&#8220;Pa\u00e7o no Passado, Neg\u00f3cios no Presente&#8221;<\/span>\n      <span class=\"autor\">Henrique Pereira<\/span>\n    <\/div>\n  <\/div>\n\n  <div class=\"mosaico-item\" onclick=\"abrirModal(\n    'https:\/\/projetos.uel.br\/ontemehoje\/wp-content\/uploads\/2025\/09\/PERSPECTIVA-FOTO-15-ANA-BEATRIZ-SERCOMTEL-DE-OUTRA-FORMA-scaled.jpg',\n    'Sercomtel de outra forma',\n    'Ana Beatriz Ribeiro')\">\n    <img decoding=\"async\" src=\"https:\/\/projetos.uel.br\/ontemehoje\/wp-content\/uploads\/2025\/09\/PERSPECTIVA-FOTO-15-ANA-BEATRIZ-SERCOMTEL-DE-OUTRA-FORMA-scaled.jpg\" alt=\"Imagem 12\">\n    <div class=\"mosaico-caption\">\n      <span class=\"titulo\">&#8220;Sercomtel de outra forma&#8221;<\/span>\n      <span class=\"autor\">Ana Beatriz Ribeiro<\/span>\n    <\/div>\n  <\/div>\n\n  <div class=\"mosaico-item\" onclick=\"abrirModal(\n    'https:\/\/projetos.uel.br\/ontemehoje\/wp-content\/uploads\/2025\/09\/PERSPECTIVA-FOTO-20-WILLIAN-AUGUSTO-LINHAS-QUE-DITAM-FLUXOS-E-DIRECOES-scaled.jpg',\n    'Linhas que ditam fluxos e dire\u00e7\u00f5es',\n    'Willian Augusto da Silva')\">\n    <img decoding=\"async\" src=\"https:\/\/projetos.uel.br\/ontemehoje\/wp-content\/uploads\/2025\/09\/PERSPECTIVA-FOTO-20-WILLIAN-AUGUSTO-LINHAS-QUE-DITAM-FLUXOS-E-DIRECOES-scaled.jpg\" alt=\"Imagem 13\">\n    <div class=\"mosaico-caption\">\n      <span class=\"titulo\">&#8220;Linhas que ditam fluxos e dire\u00e7\u00f5es&#8221;<\/span>\n      <span class=\"autor\">Willian Augusto da Silva<\/span>\n    <\/div>\n  <\/div>\n\n  <div class=\"mosaico-item\" onclick=\"abrirModal(\n    'https:\/\/projetos.uel.br\/ontemehoje\/wp-content\/uploads\/2025\/09\/PERSPECTIVA-FOTO-26-LUIZ-FERNANDO-COTIDIANO-scaled.jpg',\n    'Cotidiano',\n    'Luiz Fernando Abreu')\">\n    <img decoding=\"async\" src=\"https:\/\/projetos.uel.br\/ontemehoje\/wp-content\/uploads\/2025\/09\/PERSPECTIVA-FOTO-26-LUIZ-FERNANDO-COTIDIANO-scaled.jpg\" alt=\"Imagem 14\">\n    <div class=\"mosaico-caption\">\n      <span class=\"titulo\">&#8220;Cotidiano&#8221;<\/span>\n      <span class=\"autor\">Luiz Fernando Abreu<\/span>\n    <\/div>\n  <\/div>\n\n  <div class=\"mosaico-item\" onclick=\"abrirModal(\n    'https:\/\/projetos.uel.br\/ontemehoje\/wp-content\/uploads\/2025\/09\/PERSPECTIVA-FOTO-27-MANOEL-COSTA-VISTA-DA-PRACA-DOS-POMBOS-scaled.jpg',\n    'Vista da pra\u00e7a dos pombos',\n    'Manoel Neto')\">\n    <img decoding=\"async\" src=\"https:\/\/projetos.uel.br\/ontemehoje\/wp-content\/uploads\/2025\/09\/PERSPECTIVA-FOTO-27-MANOEL-COSTA-VISTA-DA-PRACA-DOS-POMBOS-scaled.jpg\" alt=\"Imagem 15\">\n    <div class=\"mosaico-caption\">\n      <span class=\"titulo\">&#8220;Vista da pra\u00e7a dos pombos&#8221;<\/span>\n      <span class=\"autor\">Manoel Neto<\/span>\n    <\/div>\n  <\/div>\n\n  <div class=\"mosaico-item\" onclick=\"abrirModal(\n    'https:\/\/projetos.uel.br\/ontemehoje\/wp-content\/uploads\/2025\/09\/PERSPECTIVA-FOTO-28-YASMIN-VIRGILIO-CRUCIFIXO-scaled.jpg',\n    'Crucifixo',\n    'Yasmin Virgilio')\">\n    <img decoding=\"async\" src=\"https:\/\/projetos.uel.br\/ontemehoje\/wp-content\/uploads\/2025\/09\/PERSPECTIVA-FOTO-28-YASMIN-VIRGILIO-CRUCIFIXO-scaled.jpg\" alt=\"Imagem 16\">\n    <div class=\"mosaico-caption\">\n      <span class=\"titulo\">&#8220;Crucifixo&#8221;<\/span>\n      <span class=\"autor\">Yasmin Virgilio<\/span>\n    <\/div>\n  <\/div>\n\n  <div class=\"mosaico-item\" onclick=\"abrirModal(\n    'https:\/\/projetos.uel.br\/ontemehoje\/wp-content\/uploads\/2025\/09\/PERSPECTIVA-FOTO-30-MAYCON-ROCHA-A-HORIZONTALIDADE-DO-EXECUTIVO-scaled.jpg',\n    'A horizontalidade do executivo',\n    'Maycon Rocha')\">\n    <img decoding=\"async\" src=\"https:\/\/projetos.uel.br\/ontemehoje\/wp-content\/uploads\/2025\/09\/PERSPECTIVA-FOTO-30-MAYCON-ROCHA-A-HORIZONTALIDADE-DO-EXECUTIVO-scaled.jpg\" alt=\"Imagem 17\">\n    <div class=\"mosaico-caption\">\n      <span class=\"titulo\">&#8220;A horizontalidade do executivo&#8221;<\/span>\n      <span class=\"autor\">Maycon Rocha<\/span>\n    <\/div>\n  <\/div>\n\n  <div class=\"mosaico-item\" onclick=\"abrirModal(\n    'https:\/\/projetos.uel.br\/ontemehoje\/wp-content\/uploads\/2025\/09\/PERSPECTIVA-FOTO-31-MARIANI-OENNING-REFLEXO-DO-POVO.jpeg',\n    'Reflexo do Povo',\n    'Mariana Oenning')\">\n    <img decoding=\"async\" src=\"https:\/\/projetos.uel.br\/ontemehoje\/wp-content\/uploads\/2025\/09\/PERSPECTIVA-FOTO-31-MARIANI-OENNING-REFLEXO-DO-POVO.jpeg\" alt=\"Imagem 18\">\n    <div class=\"mosaico-caption\">\n      <span class=\"titulo\">&#8220;Reflexo do Povo&#8221;<\/span>\n      <span class=\"autor\">Mariana Oenning<\/span>\n    <\/div>\n  <\/div>\n\n    <div class=\"mosaico-item\" onclick=\"abrirModal(\n    'https:\/\/projetos.uel.br\/ontemehoje\/wp-content\/uploads\/2025\/09\/PERSPECTIVA-FOTO-32-PEDRO-R.-VISAO-INSOLITA-scaled.jpg',\n    'Vis\u00e3o ins\u00f3lita',\n    'Pedro Rodrigues')\">\n    <img decoding=\"async\" src=\"https:\/\/projetos.uel.br\/ontemehoje\/wp-content\/uploads\/2025\/09\/PERSPECTIVA-FOTO-32-PEDRO-R.-VISAO-INSOLITA-scaled.jpg\" alt=\"Imagem 19\">\n    <div class=\"mosaico-caption\">\n      <span class=\"titulo\">&#8220;Vis\u00e3o ins\u00f3lita&#8221;<\/span>\n      <span class=\"autor\">Pedro Rodrigues<\/span>\n    <\/div>\n  <\/div>\n\n  <div class=\"mosaico-item\" onclick=\"abrirModal(\n    'https:\/\/projetos.uel.br\/ontemehoje\/wp-content\/uploads\/2025\/09\/PERSPECTIVA-FOTO-32-VALENTINA-OLIVEIRA-_-Lembrancas-amarelas-_-scaled.jpg',\n    'Lembran\u00e7as amarelas',\n    'Valentina Oliveira')\">\n    <img decoding=\"async\" src=\"https:\/\/projetos.uel.br\/ontemehoje\/wp-content\/uploads\/2025\/09\/PERSPECTIVA-FOTO-32-VALENTINA-OLIVEIRA-_-Lembrancas-amarelas-_-scaled.jpg\" alt=\"Imagem 20\">\n    <div class=\"mosaico-caption\">\n      <span class=\"titulo\">&#8220;Lembran\u00e7as amarelas&#8221;<\/span>\n      <span class=\"autor\">Valentina Oliveira<\/span>\n    <\/div>\n  <\/div>\n\n  <div class=\"mosaico-item\" onclick=\"abrirModal(\n    'https:\/\/projetos.uel.br\/ontemehoje\/wp-content\/uploads\/2025\/09\/PERSPECTIVA-FOTO-34-GEMIMA-DE-OLIVEIRA-A-Velha-Londrina-Ainda-Mora-Aqui-scaled.jpg',\n    'A velha Londrina ainda mora aqui',\n    'Gemima Oliveira')\">\n    <img decoding=\"async\" src=\"https:\/\/projetos.uel.br\/ontemehoje\/wp-content\/uploads\/2025\/09\/PERSPECTIVA-FOTO-34-GEMIMA-DE-OLIVEIRA-A-Velha-Londrina-Ainda-Mora-Aqui-scaled.jpg\" alt=\"Imagem 21\">\n    <div class=\"mosaico-caption\">\n      <span class=\"titulo\">&#8220;A velha Londrina ainda mora aqui&#8221;<\/span>\n      <span class=\"autor\">Gemima Oliveira<\/span>\n    <\/div>\n  <\/div>\n\n  <div class=\"mosaico-item\" onclick=\"abrirModal(\n    'https:\/\/projetos.uel.br\/ontemehoje\/wp-content\/uploads\/2025\/09\/PERSPECTIVA-ISADORA-FOTO-01-OLHARES-PELA-JANELA-scaled.jpg',\n    'Olhares pela janela',\n    'Isadora Foglia')\">\n    <img decoding=\"async\" src=\"https:\/\/projetos.uel.br\/ontemehoje\/wp-content\/uploads\/2025\/09\/PERSPECTIVA-ISADORA-FOTO-01-OLHARES-PELA-JANELA-scaled.jpg\" alt=\"Imagem 22\">\n    <div class=\"mosaico-caption\">\n      <span class=\"titulo\">&#8220;Olhares pela janela&#8221;<\/span>\n      <span class=\"autor\">Isadora Foglia<\/span>\n    <\/div>\n  <\/div>\n\n  <div class=\"mosaico-item\" onclick=\"abrirModal(\n    'https:\/\/projetos.uel.br\/ontemehoje\/wp-content\/uploads\/2025\/09\/PERSPECTIVA-FOTO-02-VALENTINA-OLIVEIRA-_-O-som-das-memorias-__.jpg',\n    'O som das mem\u00f3rias',\n    'Valentina Oliveira')\">\n    <img decoding=\"async\" src=\"https:\/\/projetos.uel.br\/ontemehoje\/wp-content\/uploads\/2025\/09\/PERSPECTIVA-FOTO-02-VALENTINA-OLIVEIRA-_-O-som-das-memorias-__.jpg\" alt=\"Imagem 23\">\n    <div class=\"mosaico-caption\">\n      <span class=\"titulo\">&#8220;O som das mem\u00f3rias&#8221;<\/span>\n      <span class=\"autor\">Valentina Oliveira<\/span>\n    <\/div>\n  <\/div>\n\n  <div class=\"mosaico-item\" onclick=\"abrirModal(\n    'https:\/\/projetos.uel.br\/ontemehoje\/wp-content\/uploads\/2025\/09\/PERSPECTIVA-JOAO-FOTO-10-E-11-Curvas-que-abracam-a-saude_-scaled.jpg',\n    'Curvas que abra\u00e7am a sa\u00fade',\n    'Jo\u00e3o Souza')\">\n    <img decoding=\"async\" src=\"https:\/\/projetos.uel.br\/ontemehoje\/wp-content\/uploads\/2025\/09\/PERSPECTIVA-JOAO-FOTO-10-E-11-Curvas-que-abracam-a-saude_-scaled.jpg\" alt=\"Imagem 24\">\n    <div class=\"mosaico-caption\">\n      <span class=\"titulo\">&#8220;Curvas que abra\u00e7am a sa\u00fade&#8221;<\/span>\n      <span class=\"autor\">Jo\u00e3o Souza<\/span>\n    <\/div>\n  <\/div>\n\n  <div class=\"mosaico-item\" onclick=\"abrirModal(\n    'https:\/\/projetos.uel.br\/ontemehoje\/wp-content\/uploads\/2025\/09\/PERSPECTIVA-LUIZ-FERNANDO-SAIDA-DO-COLEGIO-scaled.jpg',\n    'Sa\u00edda do col\u00e9gio',\n    'Luiz Fernando Abreu')\">\n    <img decoding=\"async\" src=\"https:\/\/projetos.uel.br\/ontemehoje\/wp-content\/uploads\/2025\/09\/PERSPECTIVA-LUIZ-FERNANDO-SAIDA-DO-COLEGIO-scaled.jpg\" alt=\"Imagem 25\">\n    <div class=\"mosaico-caption\">\n      <span class=\"titulo\">&#8220;Sa\u00edda do col\u00e9gio&#8221;<\/span>\n      <span class=\"autor\">Luiz Fernando Abreu<\/span>\n    <\/div>\n  <\/div>\n\n  <div class=\"mosaico-item\" onclick=\"abrirModal(\n    'https:\/\/projetos.uel.br\/ontemehoje\/wp-content\/uploads\/2025\/09\/PERSPECTIVA-MELISSA-FOTO-06-A-perspectiva-de-um-olhar-no-centro-urbano-scaled.jpg',\n    'A perspectiva de um olhar no centro urbano',\n    'Melissa Cortellassi')\">\n    <img decoding=\"async\" src=\"https:\/\/projetos.uel.br\/ontemehoje\/wp-content\/uploads\/2025\/09\/PERSPECTIVA-MELISSA-FOTO-06-A-perspectiva-de-um-olhar-no-centro-urbano-scaled.jpg\" alt=\"Imagem 26\">\n    <div class=\"mosaico-caption\">\n      <span class=\"titulo\">&#8220;A perspectiva de um olhar no centro urbano&#8221;<\/span>\n      <span class=\"autor\">Melissa Cortellassi<\/span>\n    <\/div>\n  <\/div>\n\n  <div class=\"mosaico-item\" onclick=\"abrirModal(\n    'https:\/\/projetos.uel.br\/ontemehoje\/wp-content\/uploads\/2025\/09\/PERSPECTIVA-SABRINA-FOTO-12-Caminhos-que-se-abrem-scaled.jpg',\n    'Caminhos que se abrem',\n    'Sabrina Heck')\">\n    <img decoding=\"async\" src=\"https:\/\/projetos.uel.br\/ontemehoje\/wp-content\/uploads\/2025\/09\/PERSPECTIVA-SABRINA-FOTO-12-Caminhos-que-se-abrem-scaled.jpg\" alt=\"Imagem 27\">\n    <div class=\"mosaico-caption\">\n      <span class=\"titulo\">&#8220;Caminhos que se abrem&#8221;<\/span>\n      <span class=\"autor\">Sabrina Heck<\/span>\n    <\/div>\n  <\/div>\n\n  <div class=\"mosaico-item\" onclick=\"abrirModal(\n    'https:\/\/projetos.uel.br\/ontemehoje\/wp-content\/uploads\/2025\/09\/PERSPECTIVA-SABRINA-FOTO-21-Natureza-exuberante-em-meio-a-vida-urbana-scaled.jpg',\n    'Natureza exuberante em meio a vida urbana',\n    'Sabrina Heck')\">\n    <img decoding=\"async\" src=\"https:\/\/projetos.uel.br\/ontemehoje\/wp-content\/uploads\/2025\/09\/PERSPECTIVA-SABRINA-FOTO-21-Natureza-exuberante-em-meio-a-vida-urbana-scaled.jpg\" alt=\"Imagem 28\">\n    <div class=\"mosaico-caption\">\n      <span class=\"titulo\">&#8220;Natureza exuberante em meio a vida urbana&#8221;<\/span>\n      <span class=\"autor\">Sabrina Heck<\/span>\n    <\/div>\n  <\/div>\n\n<\/div>\n\n<div class=\"modal-mosaico\" id=\"modalMosaico\">\n  <div class=\"modal-content-mosaico\">\n    <span class=\"close-modal\" onclick=\"fecharModal()\">&times;<\/span>\n    \n    <div class=\"modal-header-mosaico\">\n      <h2 id=\"modalTitulo\"><\/h2>\n      <h4 id=\"modalAutor\"><\/h4>\n    <\/div>\n\n    <img decoding=\"async\" id=\"modalImagem\" src=\"\" alt=\"Imagem Ampliada\">\n  <\/div>\n<\/div>\n\n<script>\n  function abrirModal(src, titulo, autor) {\n    document.getElementById('modalImagem').src = src;\n    document.getElementById('modalTitulo').textContent = `\"${titulo}\"`;\n    document.getElementById('modalAutor').textContent = autor;\n    document.getElementById('modalMosaico').style.display = 'flex';\n  }\n\n  function fecharModal() {\n    document.getElementById('modalMosaico').style.display = 'none';\n  }\n\n  window.onclick = function(event) {\n    const modal = document.getElementById('modalMosaico');\n    if (event.target === modal) {\n      modal.style.display = \"none\";\n    }\n  }\n<\/script>\n\n\n\n\n<p><\/p>\n","protected":false},"excerpt":{"rendered":"<p>&#8220;Sincronia&#8221; Pedro Rodrigues &#8220;Dos pequenos mundos \u00e0s grandes hist\u00f3rias&#8221; Valentina Oliveira &#8220;Descentraliza\u00e7\u00e3o&#8221; Pedro Rodrigues &#8220;Detr\u00e1s dos \u00f3culos escuros&#8221; Willian Augusto da Silva &#8220;Entre os fios da esquina&#8221; Maria Luiza Garcia &#8220;Olhar de baixo&#8221; Matheus Barreira &#8220;Passeio no Centro&#8221; Guilherme Thomazini &#8220;Movimento da cidade&#8221; Rebeca Mercuri &#8220;Esquina da moda&#8221; Clara Borbalan &#8220;Rua tranquila&#8221; Guilherme Thomazini &#8220;Pa\u00e7o [&hellip;]<\/p>\n","protected":false},"author":10,"featured_media":0,"parent":0,"menu_order":0,"comment_status":"closed","ping_status":"closed","template":"","meta":{"_acf_changed":false,"footnotes":""},"class_list":["post-842","page","type-page","status-publish","hentry"],"acf":[],"_links":{"self":[{"href":"https:\/\/projetos.uel.br\/ontemehoje\/wp-json\/wp\/v2\/pages\/842","targetHints":{"allow":["GET"]}}],"collection":[{"href":"https:\/\/projetos.uel.br\/ontemehoje\/wp-json\/wp\/v2\/pages"}],"about":[{"href":"https:\/\/projetos.uel.br\/ontemehoje\/wp-json\/wp\/v2\/types\/page"}],"author":[{"embeddable":true,"href":"https:\/\/projetos.uel.br\/ontemehoje\/wp-json\/wp\/v2\/users\/10"}],"replies":[{"embeddable":true,"href":"https:\/\/projetos.uel.br\/ontemehoje\/wp-json\/wp\/v2\/comments?post=842"}],"version-history":[{"count":96,"href":"https:\/\/projetos.uel.br\/ontemehoje\/wp-json\/wp\/v2\/pages\/842\/revisions"}],"predecessor-version":[{"id":1260,"href":"https:\/\/projetos.uel.br\/ontemehoje\/wp-json\/wp\/v2\/pages\/842\/revisions\/1260"}],"wp:attachment":[{"href":"https:\/\/projetos.uel.br\/ontemehoje\/wp-json\/wp\/v2\/media?parent=842"}],"curies":[{"name":"wp","href":"https:\/\/api.w.org\/{rel}","templated":true}]}}